{"version":"1.0","provider_name":"Pacte Industrial RMB","provider_url":"https:\/\/www.pacteindustrial.org\/ca\/","author_name":"Eduard Nadal","author_url":"https:\/\/www.pacteindustrial.org\/ca\/blog\/author\/eduard-nadalwhads-com\/","title":"El Pacte Industrial estrena nova p\u00e0gina web - Pacte Industrial RMB","type":"rich","width":600,"height":338,"html":"<blockquote class=\"wp-embedded-content\"><a href=\"https:\/\/www.pacteindustrial.org\/ca\/blog\/el-pacte-industrial-estrena-nova-pagina-web\/\">El Pacte Industrial estrena nova p\u00e0gina web<\/a><\/blockquote>\n<script type='text\/javascript'>\n<!--\/\/--><![CDATA[\/\/><!--\n\t\t\/*! This file is auto-generated *\/\n\t\t!function(c,d){\"use strict\";var e=!1,n=!1;if(d.querySelector)if(c.addEventListener)e=!0;if(c.wp=c.wp||{},!c.wp.receiveEmbedMessage)if(c.wp.receiveEmbedMessage=function(e){var t=e.data;if(t)if(t.secret||t.message||t.value)if(!\/[^a-zA-Z0-9]\/.test(t.secret)){for(var r,a,i,s=d.querySelectorAll('iframe[data-secret=\"'+t.secret+'\"]'),n=d.querySelectorAll('blockquote[data-secret=\"'+t.secret+'\"]'),o=0;o<n.length;o++)n[o].style.display=\"none\";for(o=0;o<s.length;o++)if(r=s[o],e.source===r.contentWindow){if(r.removeAttribute(\"style\"),\"height\"===t.message){if(1e3<(i=parseInt(t.value,10)))i=1e3;else if(~~i<200)i=200;r.height=i}if(\"link\"===t.message)if(a=d.createElement(\"a\"),i=d.createElement(\"a\"),a.href=r.getAttribute(\"src\"),i.href=t.value,i.host===a.host)if(d.activeElement===r)c.top.location.href=t.value}}},e)c.addEventListener(\"message\",c.wp.receiveEmbedMessage,!1),d.addEventListener(\"DOMContentLoaded\",t,!1),c.addEventListener(\"load\",t,!1);function t(){if(!n){n=!0;for(var e,t,r=-1!==navigator.appVersion.indexOf(\"MSIE 10\"),a=!!navigator.userAgent.match(\/Trident.*rv:11\\.\/),i=d.querySelectorAll(\"iframe.wp-embedded-content\"),s=0;s<i.length;s++){if(!(e=i[s]).getAttribute(\"data-secret\"))t=Math.random().toString(36).substr(2,10),e.src+=\"#?secret=\"+t,e.setAttribute(\"data-secret\",t);if(r||a)(t=e.cloneNode(!0)).removeAttribute(\"security\"),e.parentNode.replaceChild(t,e)}}}}(window,document);\n\/\/--><!]]>\n<\/script><iframe sandbox=\"allow-scripts\" security=\"restricted\" src=\"https:\/\/www.pacteindustrial.org\/ca\/blog\/el-pacte-industrial-estrena-nova-pagina-web\/embed\/\" width=\"600\" height=\"338\" title=\"&#8220;El Pacte Industrial estrena nova p\u00e0gina web&#8221; &#8212; Pacte Industrial RMB\" frameborder=\"0\" marginwidth=\"0\" marginheight=\"0\" scrolling=\"no\" class=\"wp-embedded-content\"><\/iframe>","thumbnail_url":"https:\/\/www.pacteindustrial.org\/wp-content\/uploads\/2013\/06\/c7cab27756772526fa6ea801de4ee12c-2.jpg","thumbnail_width":324,"thumbnail_height":197,"description":"L\u2019associaci\u00f3 Pacte Industrial de la Regi\u00f3 Metropolitana de Barcelona ha estrenat aquesta nova p\u00e0gina web en qu\u00e8 es poden consultar totes les nostres novetats. D\u2019altra banda, tamb\u00e9 disposem de perfils en diverses xarxes socials. Trobareu els enlla\u00e7os a l\u2019apartat \u201cSegueix-nos\u201d de la columna de la dreta. Amb aquestes noves eines volem donar a con\u00e8ixer les [...]"}