{"version":"1.0","provider_name":"Pacte Industrial RMB","provider_url":"https:\/\/www.pacteindustrial.org\/ca\/","author_name":"Iris Mart\u00ednez","author_url":"https:\/\/www.pacteindustrial.org\/ca\/blog\/author\/iris\/","title":"Pol\u00edtica de privacitat - Pacte Industrial RMB","type":"rich","width":600,"height":338,"html":"<blockquote class=\"wp-embedded-content\"><a href=\"https:\/\/www.pacteindustrial.org\/ca\/politica-de-privacitat\/\">Pol\u00edtica de privacitat<\/a><\/blockquote>\n<script type='text\/javascript'>\n<!--\/\/--><![CDATA[\/\/><!--\n\t\t\/*! This file is auto-generated *\/\n\t\t!function(c,d){\"use strict\";var e=!1,n=!1;if(d.querySelector)if(c.addEventListener)e=!0;if(c.wp=c.wp||{},!c.wp.receiveEmbedMessage)if(c.wp.receiveEmbedMessage=function(e){var t=e.data;if(t)if(t.secret||t.message||t.value)if(!\/[^a-zA-Z0-9]\/.test(t.secret)){for(var r,a,i,s=d.querySelectorAll('iframe[data-secret=\"'+t.secret+'\"]'),n=d.querySelectorAll('blockquote[data-secret=\"'+t.secret+'\"]'),o=0;o<n.length;o++)n[o].style.display=\"none\";for(o=0;o<s.length;o++)if(r=s[o],e.source===r.contentWindow){if(r.removeAttribute(\"style\"),\"height\"===t.message){if(1e3<(i=parseInt(t.value,10)))i=1e3;else if(~~i<200)i=200;r.height=i}if(\"link\"===t.message)if(a=d.createElement(\"a\"),i=d.createElement(\"a\"),a.href=r.getAttribute(\"src\"),i.href=t.value,i.host===a.host)if(d.activeElement===r)c.top.location.href=t.value}}},e)c.addEventListener(\"message\",c.wp.receiveEmbedMessage,!1),d.addEventListener(\"DOMContentLoaded\",t,!1),c.addEventListener(\"load\",t,!1);function t(){if(!n){n=!0;for(var e,t,r=-1!==navigator.appVersion.indexOf(\"MSIE 10\"),a=!!navigator.userAgent.match(\/Trident.*rv:11\\.\/),i=d.querySelectorAll(\"iframe.wp-embedded-content\"),s=0;s<i.length;s++){if(!(e=i[s]).getAttribute(\"data-secret\"))t=Math.random().toString(36).substr(2,10),e.src+=\"#?secret=\"+t,e.setAttribute(\"data-secret\",t);if(r||a)(t=e.cloneNode(!0)).removeAttribute(\"security\"),e.parentNode.replaceChild(t,e)}}}}(window,document);\n\/\/--><!]]>\n<\/script><iframe sandbox=\"allow-scripts\" security=\"restricted\" src=\"https:\/\/www.pacteindustrial.org\/ca\/politica-de-privacitat\/embed\/\" width=\"600\" height=\"338\" title=\"&#8220;Pol\u00edtica de privacitat&#8221; &#8212; Pacte Industrial RMB\" frameborder=\"0\" marginwidth=\"0\" marginheight=\"0\" scrolling=\"no\" class=\"wp-embedded-content\"><\/iframe>","description":"Pol\u00edtica de privacitat Qui \u00e9s el responsable del tractament? Associaci\u00f3 Pacte Industrial de la Regi\u00f3 Metropolitana de Barcelona (&#8220;Pacte Industrial&#8221;) CIF: G-61524070 Adre\u00e7a: Can Masover. Parc Can Buxeres. Av. Josep Tarradellas s\/n. 08906 L\u2019Hospitalet de Llobregat Tel\u00e8fon:&nbsp;93 260 02 22 Correu electr\u00f2nic: pacte@pacteindustrial.org Amb quina finalitat es tracten les dades? Tractem les dades personals dels [...]"}