{"id":78,"date":"2019-05-27T16:10:15","date_gmt":"2019-05-27T14:10:15","guid":{"rendered":"https:\/\/www.pacteindustrial.org\/?page_id=78"},"modified":"2023-12-18T12:59:17","modified_gmt":"2023-12-18T10:59:17","slug":"dades-i-sig","status":"publish","type":"page","link":"https:\/\/www.pacteindustrial.org\/ca\/ambits-dactuacio\/dades-i-sig\/","title":{"rendered":"Dades i SIG"},"content":{"rendered":"\t\t<div data-elementor-type=\"wp-post\" data-elementor-id=\"78\" class=\"elementor elementor-78\" data-elementor-settings=\"[]\">\n\t\t\t\t\t\t<div class=\"elementor-inner\">\n\t\t\t\t\t\t\t<div class=\"elementor-section-wrap\">\n\t\t\t\t\t\t\t<section class=\"elementor-section elementor-top-section elementor-element elementor-element-7bf6e41 elementor-section-boxed elementor-section-height-default elementor-section-height-default\" data-id=\"7bf6e41\" data-element_type=\"section\">\n\t\t\t\t\t\t<div class=\"elementor-container elementor-column-gap-default\">\n\t\t\t\t\t\t\t<div class=\"elementor-row\">\n\t\t\t\t\t<div class=\"elementor-column elementor-col-33 elementor-top-column elementor-element elementor-element-c209d73\" data-id=\"c209d73\" data-element_type=\"column\">\n\t\t\t<div class=\"elementor-column-wrap elementor-element-populated\">\n\t\t\t\t\t\t\t<div class=\"elementor-widget-wrap\">\n\t\t\t\t\t\t<div class=\"elementor-element elementor-element-bb3d925 elementor-widget elementor-widget-wp-widget-nav_menu\" data-id=\"bb3d925\" data-element_type=\"widget\" data-widget_type=\"wp-widget-nav_menu.default\">\n\t\t\t\t<div class=\"elementor-widget-container\">\n\t\t\t<h5>Qu\u00e8 fem<\/h5><div class=\"menu-sidebar2-container\"><ul id=\"menu-sidebar2\" class=\"menu\"><li id=\"menu-item-185\" class=\"menu-item menu-item-type-post_type menu-item-object-page menu-item-has-children menu-item-185\"><a href=\"https:\/\/www.pacteindustrial.org\/ca\/ambits-dactuacio\/\">\u00c0mbits d&#8217;actuaci\u00f3<\/a>\n<ul class=\"sub-menu\">\n\t<li id=\"menu-item-194\" class=\"menu-item menu-item-type-post_type menu-item-object-page menu-item-194\"><a href=\"https:\/\/www.pacteindustrial.org\/ca\/ambits-dactuacio\/sostenibilitat\/\">Sostenibilitat<\/a><\/li>\n\t<li id=\"menu-item-192\" class=\"menu-item menu-item-type-post_type menu-item-object-page menu-item-192\"><a href=\"https:\/\/www.pacteindustrial.org\/ca\/ambits-dactuacio\/poligons\/\">Pol\u00edgons<\/a><\/li>\n\t<li id=\"menu-item-188\" class=\"menu-item menu-item-type-post_type menu-item-object-page menu-item-188\"><a href=\"https:\/\/www.pacteindustrial.org\/ca\/ambits-dactuacio\/innovacio\/\">Innovaci\u00f3<\/a><\/li>\n\t<li id=\"menu-item-190\" class=\"menu-item menu-item-type-post_type menu-item-object-page menu-item-190\"><a href=\"https:\/\/www.pacteindustrial.org\/ca\/ambits-dactuacio\/mobilitat\/\">Mobilitat<\/a><\/li>\n\t<li id=\"menu-item-186\" class=\"menu-item menu-item-type-post_type menu-item-object-page menu-item-186\"><a href=\"https:\/\/www.pacteindustrial.org\/ca\/ambits-dactuacio\/formacio\/\">Formaci\u00f3<\/a><\/li>\n\t<li id=\"menu-item-191\" class=\"menu-item menu-item-type-post_type menu-item-object-page menu-item-191\"><a href=\"https:\/\/www.pacteindustrial.org\/ca\/ambits-dactuacio\/ocupacio\/\">Ocupaci\u00f3<\/a><\/li>\n\t<li id=\"menu-item-189\" class=\"menu-item menu-item-type-post_type menu-item-object-page menu-item-189\"><a href=\"https:\/\/www.pacteindustrial.org\/ca\/ambits-dactuacio\/internalitzacio\/\">Internacionalitzaci\u00f3<\/a><\/li>\n\t<li id=\"menu-item-193\" class=\"menu-item menu-item-type-post_type menu-item-object-page menu-item-193\"><a href=\"https:\/\/www.pacteindustrial.org\/ca\/ambits-dactuacio\/dades-i-sig\/\">Dades i SIG<\/a><\/li>\n\t<li id=\"menu-item-187\" class=\"menu-item menu-item-type-post_type menu-item-object-page menu-item-187\"><a href=\"https:\/\/www.pacteindustrial.org\/ca\/ambits-dactuacio\/infraestructures\/\">Infraestructures<\/a><\/li>\n<\/ul>\n<\/li>\n<\/ul><\/div>\t\t<\/div>\n\t\t\t\t<\/div>\n\t\t\t\t\t\t<\/div>\n\t\t\t\t\t<\/div>\n\t\t<\/div>\n\t\t\t\t<div class=\"elementor-column elementor-col-66 elementor-top-column elementor-element elementor-element-83fcb92\" data-id=\"83fcb92\" data-element_type=\"column\">\n\t\t\t<div class=\"elementor-column-wrap elementor-element-populated\">\n\t\t\t\t\t\t\t<div class=\"elementor-widget-wrap\">\n\t\t\t\t\t\t<div class=\"elementor-element elementor-element-8e8f5e9 elementor-widget elementor-widget-heading\" data-id=\"8e8f5e9\" data-element_type=\"widget\" data-widget_type=\"heading.default\">\n\t\t\t\t<div class=\"elementor-widget-container\">\n\t\t\t<h2 class=\"elementor-heading-title elementor-size-default\">Dades i SIG<\/h2>\t\t<\/div>\n\t\t\t\t<\/div>\n\t\t\t\t<div class=\"elementor-element elementor-element-13989c3 elementor-widget elementor-widget-text-editor\" data-id=\"13989c3\" data-element_type=\"widget\" data-widget_type=\"text-editor.default\">\n\t\t\t\t<div class=\"elementor-widget-container\">\n\t\t\t\t\t\t\t\t<div class=\"elementor-text-editor elementor-clearfix\">\n\t\t\t\t\t<p style=\"color: #2d3945;\">Tenim al nostre abast alguns sistemes d&#8217;informaci\u00f3 geogr\u00e0fica que contenen informaci\u00f3 relativa als pol\u00edgons d&#8217;activitat econ\u00f2mica del nostre territori, com ara el <a href=\"https:\/\/empresa.gencat.cat\/ca\/treb_ambits_actuacio\/industria\/inversio-industrial\/sipae\/\" target=\"_blank\" rel=\"noopener\"><span style=\"text-decoration: underline;\">Sistema d&#8217;Informaci\u00f3 Metropolit\u00e0 d&#8217;Activitat Econ\u00f2mica (SIPAE)<\/span><\/a> de la Generalitat de Catalunya i el <span style=\"text-decoration: underline;\"><a href=\"https:\/\/agenciaeconomica.amb.cat\/ca\/projectes\/detall\/-\/projecteADE\/7222133\/7154508\" target=\"_blank\" rel=\"noopener\">Portal web dels PAE metropolitans (Info PAE)<\/a><\/span> de l&#8217;\u00c0rea Metropolitana de Barcelona, i dels quals el <span style=\"text-decoration: underline;\"><a href=\"http:\/\/simae.pacteindustrial.org\/SIMAE\/visor.html\" target=\"_blank\" rel=\"noopener\">Sistema d&#8217;Informaci\u00f3 Metropolit\u00e0 d&#8217;Activitat Econ\u00f2mica i Innovaci\u00f3 (SIMAE)<\/a><\/span> del Pacte Industrial de la Regi\u00f3 Metropolitana de Barcelona, posat en funcionament l&#8217;any 2005, \u00e9s el precursor.<\/p>\t\t\t\t\t<\/div>\n\t\t\t\t\t\t<\/div>\n\t\t\t\t<\/div>\n\t\t\t\t\t\t<\/div>\n\t\t\t\t\t<\/div>\n\t\t<\/div>\n\t\t\t\t\t\t\t\t<\/div>\n\t\t\t\t\t<\/div>\n\t\t<\/section>\n\t\t\t\t\t\t<\/div>\n\t\t\t\t\t\t<\/div>\n\t\t\t\t\t<\/div>\n\t\t","protected":false},"excerpt":{"rendered":"<p>Dades i SIG Tenim al nostre abast alguns sistemes d&#8217;informaci\u00f3 geogr\u00e0fica que contenen informaci\u00f3 relativa als pol\u00edgons d&#8217;activitat econ\u00f2mica del nostre territori, com ara el Sistema d&#8217;Informaci\u00f3 Metropolit\u00e0 d&#8217;Activitat Econ\u00f2mica (SIPAE) de la Generalitat de Catalunya i el Portal web dels PAE metropolitans (Info PAE) de l&#8217;\u00c0rea Metropolitana de Barcelona, i dels quals el Sistema [&#8230;]<\/p>\n","protected":false},"author":1,"featured_media":0,"parent":70,"menu_order":0,"comment_status":"closed","ping_status":"closed","template":"","meta":[],"yoast_head":"<!-- This site is optimized with the Yoast SEO plugin v16.1.1 - https:\/\/yoast.com\/wordpress\/plugins\/seo\/ -->\n<title>Dades i SIG - Pacte Industrial RMB<\/title>\n<link rel=\"canonical\" href=\"https:\/\/www.pacteindustrial.org\/ca\/ambits-dactuacio\/dades-i-sig\/\" \/>\n<meta property=\"og:locale\" content=\"ca_ES\" \/>\n<meta property=\"og:type\" content=\"article\" \/>\n<meta property=\"og:title\" content=\"Dades i SIG - Pacte Industrial RMB\" \/>\n<meta property=\"og:description\" content=\"Dades i SIG Tenim al nostre abast alguns sistemes d&#8217;informaci\u00f3 geogr\u00e0fica que contenen informaci\u00f3 relativa als pol\u00edgons d&#8217;activitat econ\u00f2mica del nostre territori, com ara el Sistema d&#8217;Informaci\u00f3 Metropolit\u00e0 d&#8217;Activitat Econ\u00f2mica (SIPAE) de la Generalitat de Catalunya i el Portal web dels PAE metropolitans (Info PAE) de l&#8217;\u00c0rea Metropolitana de Barcelona, i dels quals el Sistema [...]\" \/>\n<meta property=\"og:url\" content=\"https:\/\/www.pacteindustrial.org\/ca\/ambits-dactuacio\/dades-i-sig\/\" \/>\n<meta property=\"og:site_name\" content=\"Pacte Industrial RMB\" \/>\n<meta property=\"article:modified_time\" content=\"2023-12-18T10:59:17+00:00\" \/>\n<meta name=\"twitter:card\" content=\"summary_large_image\" \/>\n<meta name=\"twitter:label1\" content=\"Temps estimat de lectura\">\n\t<meta name=\"twitter:data1\" content=\"1 minut\">\n<script type=\"application\/ld+json\" class=\"yoast-schema-graph\">{\"@context\":\"https:\/\/schema.org\",\"@graph\":[{\"@type\":\"WebSite\",\"@id\":\"https:\/\/www.pacteindustrial.org\/ca\/#website\",\"url\":\"https:\/\/www.pacteindustrial.org\/ca\/\",\"name\":\"Pacte Industrial RMB\",\"description\":\"\",\"potentialAction\":[{\"@type\":\"SearchAction\",\"target\":\"https:\/\/www.pacteindustrial.org\/ca\/?s={search_term_string}\",\"query-input\":\"required name=search_term_string\"}],\"inLanguage\":\"ca\"},{\"@type\":\"WebPage\",\"@id\":\"https:\/\/www.pacteindustrial.org\/ca\/ambits-dactuacio\/dades-i-sig\/#webpage\",\"url\":\"https:\/\/www.pacteindustrial.org\/ca\/ambits-dactuacio\/dades-i-sig\/\",\"name\":\"Dades i SIG - Pacte Industrial RMB\",\"isPartOf\":{\"@id\":\"https:\/\/www.pacteindustrial.org\/ca\/#website\"},\"datePublished\":\"2019-05-27T14:10:15+00:00\",\"dateModified\":\"2023-12-18T10:59:17+00:00\",\"breadcrumb\":{\"@id\":\"https:\/\/www.pacteindustrial.org\/ca\/ambits-dactuacio\/dades-i-sig\/#breadcrumb\"},\"inLanguage\":\"ca\",\"potentialAction\":[{\"@type\":\"ReadAction\",\"target\":[\"https:\/\/www.pacteindustrial.org\/ca\/ambits-dactuacio\/dades-i-sig\/\"]}]},{\"@type\":\"BreadcrumbList\",\"@id\":\"https:\/\/www.pacteindustrial.org\/ca\/ambits-dactuacio\/dades-i-sig\/#breadcrumb\",\"itemListElement\":[{\"@type\":\"ListItem\",\"position\":1,\"item\":{\"@type\":\"WebPage\",\"@id\":\"https:\/\/www.pacteindustrial.org\/ca\/\",\"url\":\"https:\/\/www.pacteindustrial.org\/ca\/\",\"name\":\"Home\"}},{\"@type\":\"ListItem\",\"position\":2,\"item\":{\"@type\":\"WebPage\",\"@id\":\"https:\/\/www.pacteindustrial.org\/ca\/ambits-dactuacio\/\",\"url\":\"https:\/\/www.pacteindustrial.org\/ca\/ambits-dactuacio\/\",\"name\":\"\\u00c0mbits d&#8217;actuaci\\u00f3\"}},{\"@type\":\"ListItem\",\"position\":3,\"item\":{\"@type\":\"WebPage\",\"@id\":\"https:\/\/www.pacteindustrial.org\/ca\/ambits-dactuacio\/dades-i-sig\/\",\"url\":\"https:\/\/www.pacteindustrial.org\/ca\/ambits-dactuacio\/dades-i-sig\/\",\"name\":\"Dades i SIG\"}}]}]}<\/script>\n<!-- \/ Yoast SEO plugin. -->","_links":{"self":[{"href":"https:\/\/www.pacteindustrial.org\/ca\/wp-json\/wp\/v2\/pages\/78"}],"collection":[{"href":"https:\/\/www.pacteindustrial.org\/ca\/wp-json\/wp\/v2\/pages"}],"about":[{"href":"https:\/\/www.pacteindustrial.org\/ca\/wp-json\/wp\/v2\/types\/page"}],"author":[{"embeddable":true,"href":"https:\/\/www.pacteindustrial.org\/ca\/wp-json\/wp\/v2\/users\/1"}],"replies":[{"embeddable":true,"href":"https:\/\/www.pacteindustrial.org\/ca\/wp-json\/wp\/v2\/comments?post=78"}],"version-history":[{"count":41,"href":"https:\/\/www.pacteindustrial.org\/ca\/wp-json\/wp\/v2\/pages\/78\/revisions"}],"predecessor-version":[{"id":20227,"href":"https:\/\/www.pacteindustrial.org\/ca\/wp-json\/wp\/v2\/pages\/78\/revisions\/20227"}],"up":[{"embeddable":true,"href":"https:\/\/www.pacteindustrial.org\/ca\/wp-json\/wp\/v2\/pages\/70"}],"wp:attachment":[{"href":"https:\/\/www.pacteindustrial.org\/ca\/wp-json\/wp\/v2\/media?parent=78"}],"curies":[{"name":"wp","href":"https:\/\/api.w.org\/{rel}","templated":true}]}}