{"id":267,"date":"2019-06-11T09:49:40","date_gmt":"2019-06-11T07:49:40","guid":{"rendered":"https:\/\/www.pacteindustrial.org\/agenda\/"},"modified":"2021-03-02T16:23:02","modified_gmt":"2021-03-02T14:23:02","slug":"agenda","status":"publish","type":"page","link":"https:\/\/www.pacteindustrial.org\/es\/agenda\/","title":{"rendered":"Agenda"},"content":{"rendered":"\t\t<div data-elementor-type=\"wp-post\" data-elementor-id=\"267\" class=\"elementor elementor-267 elementor-24\" data-elementor-settings=\"[]\">\n\t\t\t\t\t\t<div class=\"elementor-inner\">\n\t\t\t\t\t\t\t<div class=\"elementor-section-wrap\">\n\t\t\t\t\t\t\t<section class=\"elementor-section elementor-top-section elementor-element elementor-element-46769ca elementor-section-boxed elementor-section-height-default elementor-section-height-default\" data-id=\"46769ca\" data-element_type=\"section\">\n\t\t\t\t\t\t<div class=\"elementor-container elementor-column-gap-default\">\n\t\t\t\t\t\t\t<div class=\"elementor-row\">\n\t\t\t\t\t<div class=\"elementor-column elementor-col-100 elementor-top-column elementor-element elementor-element-34fe639\" data-id=\"34fe639\" data-element_type=\"column\">\n\t\t\t<div class=\"elementor-column-wrap elementor-element-populated\">\n\t\t\t\t\t\t\t<div class=\"elementor-widget-wrap\">\n\t\t\t\t\t\t<div class=\"elementor-element elementor-element-e6ad392 elementor-widget elementor-widget-text-editor\" data-id=\"e6ad392\" data-element_type=\"widget\" data-widget_type=\"text-editor.default\">\n\t\t\t\t<div class=\"elementor-widget-container\">\n\t\t\t\t\t\t\t\t<div class=\"elementor-text-editor elementor-clearfix\">\n\t\t\t\t\t<h1 style=\"text-align: center;\">Agenda<\/h1><p style=\"text-align: center;\">\u00a0<\/p><p style=\"text-align: center;\">Compilaci\u00f3n de las actividades de inter\u00e9s organizadas por el Pacto Industrial u otras entidades.<\/p>\t\t\t\t\t<\/div>\n\t\t\t\t\t\t<\/div>\n\t\t\t\t<\/div>\n\t\t\t\t\t\t<\/div>\n\t\t\t\t\t<\/div>\n\t\t<\/div>\n\t\t\t\t\t\t\t\t<\/div>\n\t\t\t\t\t<\/div>\n\t\t<\/section>\n\t\t\t\t<section class=\"elementor-section elementor-top-section elementor-element elementor-element-6853ed5 elementor-section-boxed elementor-section-height-default elementor-section-height-default\" data-id=\"6853ed5\" data-element_type=\"section\">\n\t\t\t\t\t\t<div class=\"elementor-container elementor-column-gap-default\">\n\t\t\t\t\t\t\t<div class=\"elementor-row\">\n\t\t\t\t\t<div class=\"elementor-column elementor-col-100 elementor-top-column elementor-element elementor-element-4d7b30a\" data-id=\"4d7b30a\" data-element_type=\"column\">\n\t\t\t<div class=\"elementor-column-wrap elementor-element-populated\">\n\t\t\t\t\t\t\t<div class=\"elementor-widget-wrap\">\n\t\t\t\t\t\t<div class=\"elementor-element elementor-element-97d4ef6 elementor-widget elementor-widget-pacteindustrial-addons-events-list\" data-id=\"97d4ef6\" data-element_type=\"widget\" data-widget_type=\"pacteindustrial-addons-events-list.default\">\n\t\t\t\t<div class=\"elementor-widget-container\">\n\t\t\t<section id=\"esdeveniments\" class=\"container pacteindustrial-events-block\"><div class=\"event-filters-wrapper shadow\"><ul class=\"event-types-filter\"><li class=\"event-type active\"><a href=\"https:\/\/www.pacteindustrial.org\/es\/agenda\/\">Todas<\/a><\/li><li class=\"event-type\"><a href=\"https:\/\/www.pacteindustrial.org\/es\/agenda\/?type=actos-del-pacto-industrial\">Actividades del Pacto Industrial<\/a><\/li><li class=\"event-type\"><a href=\"https:\/\/www.pacteindustrial.org\/es\/agenda\/?type=otros-actos\">Otras actividades<\/a><\/li><\/ul><\/div><div class=\"events-listing-block-inner with-past-events\"><div class=\"event-time-navigation\"><ul class=\"event-time-selector\"><li class=\"event-time-selector-item\"><a class=\"event-time-selector-link past-events\" href=\"https:\/\/www.pacteindustrial.org\/es\/wp-json\/wp\/v2\/pages\/267\/?events=past\">Pasadas<\/a><\/li><li class=\"event-time-selector-item\"><a class=\"event-time-selector-link next-events\" href=\"https:\/\/www.pacteindustrial.org\/es\/wp-json\/wp\/v2\/pages\/267\/?events=upcoming\">Pr\u00f3ximas<\/a><\/li><\/ul><\/div><div class=\"events-wrapper\"><div class=\"past-events-wrapper\"><div class=\"pacteindustrial-events-wrapper card-deck\"><article id=\"post-25742\" class=\"event-item shadow card post-25742 pi_event type-pi_event status-publish has-post-thumbnail hentry pi_event_type-actos-del-pacto-industrial\"><a class=\"image-link\" href=\"https:\/\/www.pacteindustrial.org\/es\/agenda\/jornada-en-el-garraf-situacion-y-retos-de-los-poligonos-de-actividad-economica-en-catalunya\/\"><img class=\"card-img\" src=\"https:\/\/www.pacteindustrial.org\/wp-content\/uploads\/2025\/10\/2026.01.27_Baner-1-550x320.png\" alt=\"image\"><\/a><div class=\"card-body\"><a class=\"title-link\" href=\"https:\/\/www.pacteindustrial.org\/es\/agenda\/jornada-en-el-garraf-situacion-y-retos-de-los-poligonos-de-actividad-economica-en-catalunya\/\"><h1 class=\"post-heading\">Jornada en el Garraf \u00abSituaci\u00f3n y retos de los pol\u00edgonos de actividad econ\u00f3mica en Catalunya\u00bb<\/h1><\/a><div class=\"card-details\"><p class=\"card-date\"><i class=\"fa fa-calendar\" style=\"font-size:20px; color:#f15b40;\"><\/i> 27\/01\/2026<\/p><p class=\"card-time\"><i class=\"fa fa-clock-o\" style=\"font-size:20px; color:#f15b40;\"><\/i> De 9:30 a 12 h<\/p><p class=\"card-place\"><i class=\"fa fa-map-marker\" style=\"font-size:20px; color:#f15b40;\"><\/i> Ajuntament de Sant Pere de Ribes - Sala d'actes Josep Llu\u00eds Palacios (Pl. de la Vila, 1 de Sant Pere de Ribes)<\/p><\/div><p class=\"card-excerpt\">El Pacto Industrial, en colaboraci\u00f3n con la Agencia de Desarrollo NODE Garraf y el Ayuntamiento de Sant Pere de Ribes, organiza en el Garraf una jornada sobre la situaci\u00f3n y retos de los PAE en que se presentar\u00e1 el estudio <em>Pol\u00edgonos de actividad econ\u00f3mica en Catalu\u00f1a: retos y escenarios reguladores<\/em>. La presentaci\u00f3n del estudio ir\u00e1 a cargo de la consultora Daleph, que ha sido la encargada de elaborarlo. A continuaci\u00f3n tendr\u00e1 lugar una mesa redonda en que participar\u00e1n representantes de los agentes sociales y econ\u00f3micos de la comarca y que dar\u00e1 paso a un debate.<\/p><p class=\"readmore-button\"><a class=\"readmore-button\" href=\"https:\/\/www.pacteindustrial.org\/es\/agenda\/jornada-en-el-garraf-situacion-y-retos-de-los-poligonos-de-actividad-economica-en-catalunya\/\">Leer +<\/a><\/p><\/div><\/article><article id=\"post-24819\" class=\"event-item shadow card post-24819 pi_event type-pi_event status-publish has-post-thumbnail hentry pi_event_type-actos-del-pacto-industrial\"><a class=\"image-link\" href=\"https:\/\/www.pacteindustrial.org\/es\/agenda\/reunion-consejo-general-del-pacto-industrial-y-ponencia-los-cambios-en-el-orden-economico-global-y-su-impacto-en-el-futuro-de-la-industria-metropolitana\/\"><img class=\"card-img\" src=\"https:\/\/www.pacteindustrial.org\/wp-content\/uploads\/2025\/10\/Pantalla_XXX_Consell_General-550x320.png\" alt=\"image\"><\/a><div class=\"card-body\"><a class=\"title-link\" href=\"https:\/\/www.pacteindustrial.org\/es\/agenda\/reunion-consejo-general-del-pacto-industrial-y-ponencia-los-cambios-en-el-orden-economico-global-y-su-impacto-en-el-futuro-de-la-industria-metropolitana\/\"><h1 class=\"post-heading\">Reuni\u00f3n Consejo General del Pacto Industrial y ponencia \u00abLos cambios en el orden econ\u00f3mico global y su impacto en el futuro de la industria metropolitana\u00bb<\/h1><\/a><div class=\"card-details\"><p class=\"card-date\"><i class=\"fa fa-calendar\" style=\"font-size:20px; color:#f15b40;\"><\/i> 08\/10\/2025<\/p><p class=\"card-time\"><i class=\"fa fa-clock-o\" style=\"font-size:20px; color:#f15b40;\"><\/i> De 11 a 13:30 h<\/p><p class=\"card-place\"><i class=\"fa fa-map-marker\" style=\"font-size:20px; color:#f15b40;\"><\/i> Sala Francesc Tarafa (Carrer de Corr\u00f3, 47 de Granollers)<\/p><\/div><p class=\"card-excerpt\">El Pacto Industrial de la Regi\u00f3n Metropolitana de Barcelona celebrar\u00e1 el XXX Consejo General en Granollers. Como clausura, tendr\u00e1 lugar la ponencia \"Los cambios en el orden econ\u00f3mico global y su impacto en el futuro de la industria metropolitana\", a cargo del Sr. Juan Moscoso de Prado, <em>senior fellow<\/em> en el Centro de Econom\u00eda Global y Geopol\u00edtica de Esade (EsadeGeo).<\/p><p class=\"readmore-button\"><a class=\"readmore-button\" href=\"https:\/\/www.pacteindustrial.org\/es\/agenda\/reunion-consejo-general-del-pacto-industrial-y-ponencia-los-cambios-en-el-orden-economico-global-y-su-impacto-en-el-futuro-de-la-industria-metropolitana\/\">Leer +<\/a><\/p><\/div><\/article><article id=\"post-23107\" class=\"event-item shadow card post-23107 pi_event type-pi_event status-publish has-post-thumbnail hentry pi_event_type-actos-del-pacto-industrial\"><a class=\"image-link\" href=\"https:\/\/www.pacteindustrial.org\/es\/agenda\/jornada-sobre-la-construccion-industrializada-como-solucion-para-la-edificacion-sostenible\/\"><img class=\"card-img\" src=\"https:\/\/www.pacteindustrial.org\/wp-content\/uploads\/2024\/10\/2024.11.13_baner-550x320.png\" alt=\"image\"><\/a><div class=\"card-body\"><a class=\"title-link\" href=\"https:\/\/www.pacteindustrial.org\/es\/agenda\/jornada-sobre-la-construccion-industrializada-como-solucion-para-la-edificacion-sostenible\/\"><h1 class=\"post-heading\">La construcci\u00f3n industrializada de vivienda en la regi\u00f3n metropolitana de Barcelona: \u00bfM\u00e1s r\u00e1pida, m\u00e1s asequible y m\u00e1s sostenible?<\/h1><\/a><div class=\"card-details\"><p class=\"card-date\"><i class=\"fa fa-calendar\" style=\"font-size:20px; color:#f15b40;\"><\/i> 13\/11\/2024<\/p><p class=\"card-time\"><i class=\"fa fa-clock-o\" style=\"font-size:20px; color:#f15b40;\"><\/i> De 9:30 a 13:30 h<\/p><p class=\"card-place\"><i class=\"fa fa-map-marker\" style=\"font-size:20px; color:#f15b40;\"><\/i> Can Calderon (C. d\u2019Andorra, 64 de Viladecans)<\/p><\/div><p class=\"card-excerpt\">La jornada est\u00e1 organizada por el Pacto Industrial de la Regi\u00f3n Metropolitana de Barcelona y el Plan Estrat\u00e9gico Metropolitano de Barcelona (PEMB), y cuenta con el apoyo del Ayuntamiento de Viladecans. Expertos del sector debatir\u00e1n sobre la construcci\u00f3n industrializada como soluci\u00f3n innovadora para la edificaci\u00f3n sostenible en el contexto actual de emergencia de vivienda.<\/p><p class=\"readmore-button\"><a class=\"readmore-button\" href=\"https:\/\/www.pacteindustrial.org\/es\/agenda\/jornada-sobre-la-construccion-industrializada-como-solucion-para-la-edificacion-sostenible\/\">Leer +<\/a><\/p><\/div><\/article><article id=\"post-20889\" class=\"event-item shadow card post-20889 pi_event type-pi_event status-publish has-post-thumbnail hentry pi_event_type-actos-del-pacto-industrial\"><a class=\"image-link\" href=\"https:\/\/www.pacteindustrial.org\/es\/agenda\/xxviii-consejo-general-del-pacto-industrial\/\"><img class=\"card-img\" src=\"https:\/\/www.pacteindustrial.org\/wp-content\/uploads\/2024\/02\/2024.07.02_Baner-550x320.png\" alt=\"image\"><\/a><div class=\"card-body\"><a class=\"title-link\" href=\"https:\/\/www.pacteindustrial.org\/es\/agenda\/xxviii-consejo-general-del-pacto-industrial\/\"><h1 class=\"post-heading\">XXVIII Consejo General del Pacto Industrial y coloquio sobre econom\u00eda azul<\/h1><\/a><div class=\"card-details\"><p class=\"card-date\"><i class=\"fa fa-calendar\" style=\"font-size:20px; color:#f15b40;\"><\/i> 02\/07\/2024<\/p><p class=\"card-time\"><i class=\"fa fa-clock-o\" style=\"font-size:20px; color:#f15b40;\"><\/i> De 11:00 a 13:00 h<\/p><p class=\"card-place\"><i class=\"fa fa-map-marker\" style=\"font-size:20px; color:#f15b40;\"><\/i> Ne\u00e0polis (Rambla de l'Exposici\u00f3, 59 de Vilanova i la Geltr\u00fa)<\/p><\/div><p class=\"card-excerpt\">El Pacto Industrial de la Regi\u00f3n Metropolitana de Barcelona celebrar\u00e1 el XXVIII Consejo General en Vilanova i la Geltr\u00fa. Como clausura, tendr\u00e1 lugar el coloquio \"La econom\u00eda azul: oportunidades para la industria metropolitana\" con la participaci\u00f3n de Anna Maj\u00f3 (Barcelona Activa), Emma Cobos (Puerto de Barcelona)\u00a0 y Samuel G\u00f3mez (Sym Naval). Cristina Buesa (El Peri\u00f3dico) ser\u00e1 la moderadora.<\/p><p class=\"readmore-button\"><a class=\"readmore-button\" href=\"https:\/\/www.pacteindustrial.org\/es\/agenda\/xxviii-consejo-general-del-pacto-industrial\/\">Leer +<\/a><\/p><\/div><\/article><article id=\"post-20890\" class=\"event-item shadow card post-20890 pi_event type-pi_event status-publish hentry pi_event_type-actos-del-pacto-industrial\"><a class=\"image-link\" href=\"https:\/\/www.pacteindustrial.org\/es\/agenda\/53-reunion-del-comite-ejecutivo-del-pacto-industrial\/\"><img class=\"card-img\" src=\"https:\/\/www.pacteindustrial.org\/wp-content\/plugins\/pacteindustrial-elementor-addons\/resources\/images\/default_event_image.jpg\" alt=\"default image\"><\/a><div class=\"card-body\"><a class=\"title-link\" href=\"https:\/\/www.pacteindustrial.org\/es\/agenda\/53-reunion-del-comite-ejecutivo-del-pacto-industrial\/\"><h1 class=\"post-heading\">53 Reuni\u00f3n del Comit\u00e9 Ejecutivo del Pacto Industrial<\/h1><\/a><div class=\"card-details\"><p class=\"card-date\"><i class=\"fa fa-calendar\" style=\"font-size:20px; color:#f15b40;\"><\/i> 06\/06\/2024<\/p><p class=\"card-time\"><i class=\"fa fa-clock-o\" style=\"font-size:20px; color:#f15b40;\"><\/i> De 10.00 a 12.30 h<\/p><p class=\"card-place\"><i class=\"fa fa-map-marker\" style=\"font-size:20px; color:#f15b40;\"><\/i> Palauet de Can Buxeres - Parc de Can Buxeres (L'Hospitalet de Llobregat)<\/p><\/div><p class=\"card-excerpt\">El Pacto Industrial de la Regi\u00f3n Metropolitana de Barcelona celebra la 53 reuni\u00f3n de su Comit\u00e9 Ejecutivo.<\/p><p class=\"readmore-button\"><a class=\"readmore-button\" href=\"https:\/\/www.pacteindustrial.org\/es\/agenda\/53-reunion-del-comite-ejecutivo-del-pacto-industrial\/\">Leer +<\/a><\/p><\/div><\/article><article id=\"post-21488\" class=\"event-item shadow card post-21488 pi_event type-pi_event status-publish has-post-thumbnail hentry pi_event_type-actos-del-pacto-industrial\"><a class=\"image-link\" href=\"https:\/\/www.pacteindustrial.org\/es\/agenda\/jornada-productividad-y-calidad-del-trabajo-factores-de-competitividad-de-la-industria\/\"><img class=\"card-img\" src=\"https:\/\/www.pacteindustrial.org\/wp-content\/uploads\/2024\/03\/2024.05.21_Baner-web-1-550x320.png\" alt=\"image\"><\/a><div class=\"card-body\"><a class=\"title-link\" href=\"https:\/\/www.pacteindustrial.org\/es\/agenda\/jornada-productividad-y-calidad-del-trabajo-factores-de-competitividad-de-la-industria\/\"><h1 class=\"post-heading\">Jornada \u00abProductividad y calidad del trabajo: factores de competitividad de la industria\u00bb<\/h1><\/a><div class=\"card-details\"><p class=\"card-date\"><i class=\"fa fa-calendar\" style=\"font-size:20px; color:#f15b40;\"><\/i> 21\/05\/2024<\/p><p class=\"card-time\"><i class=\"fa fa-clock-o\" style=\"font-size:20px; color:#f15b40;\"><\/i> De 9:30 a 12:30 hores<\/p><p class=\"card-place\"><i class=\"fa fa-map-marker\" style=\"font-size:20px; color:#f15b40;\"><\/i> Espai Cultura - Fundaci\u00f3 Sabadell 1859 (C. d\u2019en Font, 25 de Sabadell)<\/p><\/div><p class=\"card-excerpt\">El Pacto Industrial, en colaboraci\u00f3n con el Consejo Econ\u00f3mico y Social de Barcelona (CESB) y el Ayuntamiento de Sabadell, organiza una jornada sobre productividad y calidad del trabajo. Contaremos con una conferencia de Ant\u00f3n Costas, presidente del Consejo Econ\u00f3mico y Social de Espa\u00f1a (CES), y con la presentaci\u00f3n del Papel 8 del Pacto Industrial, <em>Productividad y calidad del trabajo: retos para la prosperidad y el bienestar en la Regi\u00f3n Metropolitana de Barcelona<\/em>.<\/p><p class=\"readmore-button\"><a class=\"readmore-button\" href=\"https:\/\/www.pacteindustrial.org\/es\/agenda\/jornada-productividad-y-calidad-del-trabajo-factores-de-competitividad-de-la-industria\/\">Leer +<\/a><\/p><\/div><\/article><\/div><nav aria-label=\"Paginador de eventos\"><ul class=\"pagination\"><li class=\"page-item shadow active\"><span aria-current=\"page\" class=\"page-link current\">1<\/span><\/li><li class=\"page-item shadow\"><a class=\"page-link\" href=\"https:\/\/www.pacteindustrial.org\/es\/wp-json\/wp\/v2\/pages\/267\/?events_page=2\">2<\/a><\/li><li class=\"page-item shadow\"><a class=\"page-link\" href=\"https:\/\/www.pacteindustrial.org\/es\/wp-json\/wp\/v2\/pages\/267\/?events_page=3\">3<\/a><\/li><li class=\"page-item shadow\"><a class=\"next page-link\" href=\"https:\/\/www.pacteindustrial.org\/es\/wp-json\/wp\/v2\/pages\/267\/?events_page=2\">&raquo;<\/a><\/li><\/ul><\/nav><\/div><div class=\"next-events-wrapper\"><div class=\"no-events-notice\"><p class=\"no-events-message\">En estos momentos no hay ninguna actividad programada.<\/p><\/div><\/div><\/div><\/div><\/section>\t\t<\/div>\n\t\t\t\t<\/div>\n\t\t\t\t\t\t<\/div>\n\t\t\t\t\t<\/div>\n\t\t<\/div>\n\t\t\t\t\t\t\t\t<\/div>\n\t\t\t\t\t<\/div>\n\t\t<\/section>\n\t\t\t\t\t\t<\/div>\n\t\t\t\t\t\t<\/div>\n\t\t\t\t\t<\/div>\n\t\t","protected":false},"excerpt":{"rendered":"<p>Agenda \u00a0 Compilaci\u00f3n de las actividades de inter\u00e9s organizadas por el Pacto Industrial u otras entidades. Totes Activitats del Pacte Industrial Altres activitats Passades Properes Presentaci\u00f3 del Paper 5 del Pacte Industrial en la sessi\u00f3 virtual sobre transformaci\u00f3 dels pol\u00edgons industrials que organitza Node Garraf 27\/01\/2021 12.00 &#8211; 13.30 h Online a trav\u00e9s de la [&#8230;]<\/p>\n","protected":false},"author":1,"featured_media":0,"parent":0,"menu_order":0,"comment_status":"closed","ping_status":"closed","template":"","meta":[],"yoast_head":"<!-- This site is optimized with the Yoast SEO plugin v16.1.1 - https:\/\/yoast.com\/wordpress\/plugins\/seo\/ -->\n<title>Agenda - Pacte Industrial RMB<\/title>\n<link rel=\"canonical\" href=\"https:\/\/www.pacteindustrial.org\/es\/agenda\/\" \/>\n<meta property=\"og:locale\" content=\"es_ES\" \/>\n<meta property=\"og:type\" content=\"article\" \/>\n<meta property=\"og:title\" content=\"Agenda - Pacte Industrial RMB\" \/>\n<meta property=\"og:description\" content=\"Agenda \u00a0 Compilaci\u00f3n de las actividades de inter\u00e9s organizadas por el Pacto Industrial u otras entidades. Totes Activitats del Pacte Industrial Altres activitats Passades Properes Presentaci\u00f3 del Paper 5 del Pacte Industrial en la sessi\u00f3 virtual sobre transformaci\u00f3 dels pol\u00edgons industrials que organitza Node Garraf 27\/01\/2021 12.00 &#8211; 13.30 h Online a trav\u00e9s de la [...]\" \/>\n<meta property=\"og:url\" content=\"https:\/\/www.pacteindustrial.org\/es\/agenda\/\" \/>\n<meta property=\"og:site_name\" content=\"Pacte Industrial RMB\" \/>\n<meta property=\"article:modified_time\" content=\"2021-03-02T14:23:02+00:00\" \/>\n<meta property=\"og:image\" content=\"https:\/\/www.pacteindustrial.org\/wp-content\/plugins\/pacteindustrial-elementor-addons\/resources\/images\/default_pacte_event_image.jpg\" \/>\n<meta name=\"twitter:card\" content=\"summary_large_image\" \/>\n<meta name=\"twitter:label1\" content=\"Tiempo de lectura\">\n\t<meta name=\"twitter:data1\" content=\"2 minutos\">\n<script type=\"application\/ld+json\" class=\"yoast-schema-graph\">{\"@context\":\"https:\/\/schema.org\",\"@graph\":[{\"@type\":\"WebSite\",\"@id\":\"https:\/\/www.pacteindustrial.org\/ca\/#website\",\"url\":\"https:\/\/www.pacteindustrial.org\/ca\/\",\"name\":\"Pacte Industrial RMB\",\"description\":\"\",\"potentialAction\":[{\"@type\":\"SearchAction\",\"target\":\"https:\/\/www.pacteindustrial.org\/ca\/?s={search_term_string}\",\"query-input\":\"required name=search_term_string\"}],\"inLanguage\":\"es\"},{\"@type\":\"ImageObject\",\"@id\":\"https:\/\/www.pacteindustrial.org\/es\/agenda\/#primaryimage\",\"inLanguage\":\"es\",\"url\":\"https:\/\/www.pacteindustrial.org\/wp-content\/plugins\/pacteindustrial-elementor-addons\/resources\/images\/default_pacte_event_image.jpg\",\"contentUrl\":\"https:\/\/www.pacteindustrial.org\/wp-content\/plugins\/pacteindustrial-elementor-addons\/resources\/images\/default_pacte_event_image.jpg\"},{\"@type\":\"WebPage\",\"@id\":\"https:\/\/www.pacteindustrial.org\/es\/agenda\/#webpage\",\"url\":\"https:\/\/www.pacteindustrial.org\/es\/agenda\/\",\"name\":\"Agenda - Pacte Industrial RMB\",\"isPartOf\":{\"@id\":\"https:\/\/www.pacteindustrial.org\/ca\/#website\"},\"primaryImageOfPage\":{\"@id\":\"https:\/\/www.pacteindustrial.org\/es\/agenda\/#primaryimage\"},\"datePublished\":\"2019-06-11T07:49:40+00:00\",\"dateModified\":\"2021-03-02T14:23:02+00:00\",\"breadcrumb\":{\"@id\":\"https:\/\/www.pacteindustrial.org\/es\/agenda\/#breadcrumb\"},\"inLanguage\":\"es\",\"potentialAction\":[{\"@type\":\"ReadAction\",\"target\":[\"https:\/\/www.pacteindustrial.org\/es\/agenda\/\"]}]},{\"@type\":\"BreadcrumbList\",\"@id\":\"https:\/\/www.pacteindustrial.org\/es\/agenda\/#breadcrumb\",\"itemListElement\":[{\"@type\":\"ListItem\",\"position\":1,\"item\":{\"@type\":\"WebPage\",\"@id\":\"https:\/\/www.pacteindustrial.org\/es\/\",\"url\":\"https:\/\/www.pacteindustrial.org\/es\/\",\"name\":\"Home\"}},{\"@type\":\"ListItem\",\"position\":2,\"item\":{\"@type\":\"WebPage\",\"@id\":\"https:\/\/www.pacteindustrial.org\/es\/agenda\/\",\"url\":\"https:\/\/www.pacteindustrial.org\/es\/agenda\/\",\"name\":\"Agenda\"}}]}]}<\/script>\n<!-- \/ Yoast SEO plugin. -->","_links":{"self":[{"href":"https:\/\/www.pacteindustrial.org\/es\/wp-json\/wp\/v2\/pages\/267"}],"collection":[{"href":"https:\/\/www.pacteindustrial.org\/es\/wp-json\/wp\/v2\/pages"}],"about":[{"href":"https:\/\/www.pacteindustrial.org\/es\/wp-json\/wp\/v2\/types\/page"}],"author":[{"embeddable":true,"href":"https:\/\/www.pacteindustrial.org\/es\/wp-json\/wp\/v2\/users\/1"}],"replies":[{"embeddable":true,"href":"https:\/\/www.pacteindustrial.org\/es\/wp-json\/wp\/v2\/comments?post=267"}],"version-history":[{"count":13,"href":"https:\/\/www.pacteindustrial.org\/es\/wp-json\/wp\/v2\/pages\/267\/revisions"}],"predecessor-version":[{"id":13617,"href":"https:\/\/www.pacteindustrial.org\/es\/wp-json\/wp\/v2\/pages\/267\/revisions\/13617"}],"wp:attachment":[{"href":"https:\/\/www.pacteindustrial.org\/es\/wp-json\/wp\/v2\/media?parent=267"}],"curies":[{"name":"wp","href":"https:\/\/api.w.org\/{rel}","templated":true}]}}