{"id":270,"date":"2019-06-11T09:53:17","date_gmt":"2019-06-11T07:53:17","guid":{"rendered":"https:\/\/www.pacteindustrial.org\/formacion\/"},"modified":"2021-02-16T17:06:12","modified_gmt":"2021-02-16T15:06:12","slug":"formacion","status":"publish","type":"page","link":"https:\/\/www.pacteindustrial.org\/es\/ambitos-de-actuacion\/formacion\/","title":{"rendered":"Formaci\u00f3n"},"content":{"rendered":"\t\t<div data-elementor-type=\"wp-post\" data-elementor-id=\"270\" class=\"elementor elementor-270 elementor-80\" data-elementor-settings=\"[]\">\n\t\t\t\t\t\t<div class=\"elementor-inner\">\n\t\t\t\t\t\t\t<div class=\"elementor-section-wrap\">\n\t\t\t\t\t\t\t<section class=\"elementor-section elementor-top-section elementor-element elementor-element-201daa9 elementor-section-boxed elementor-section-height-default elementor-section-height-default\" data-id=\"201daa9\" data-element_type=\"section\">\n\t\t\t\t\t\t<div class=\"elementor-container elementor-column-gap-default\">\n\t\t\t\t\t\t\t<div class=\"elementor-row\">\n\t\t\t\t\t<div class=\"elementor-column elementor-col-33 elementor-top-column elementor-element elementor-element-1563bd3\" data-id=\"1563bd3\" data-element_type=\"column\">\n\t\t\t<div class=\"elementor-column-wrap elementor-element-populated\">\n\t\t\t\t\t\t\t<div class=\"elementor-widget-wrap\">\n\t\t\t\t\t\t<div class=\"elementor-element elementor-element-75ccff7 elementor-widget elementor-widget-wp-widget-nav_menu\" data-id=\"75ccff7\" data-element_type=\"widget\" data-widget_type=\"wp-widget-nav_menu.default\">\n\t\t\t\t<div class=\"elementor-widget-container\">\n\t\t\t<h5>Qu\u00e9 hacemos<\/h5><div class=\"menu-sidebar2-es-container\"><ul id=\"menu-sidebar2-es\" class=\"menu\"><li id=\"menu-item-1098\" class=\"menu-item menu-item-type-post_type menu-item-object-page menu-item-has-children menu-item-1098\"><a href=\"https:\/\/www.pacteindustrial.org\/es\/ambitos-de-actuacion\/\">\u00c1mbitos de actuaci\u00f3n<\/a>\n<ul class=\"sub-menu\">\n\t<li id=\"menu-item-5567\" class=\"menu-item menu-item-type-post_type menu-item-object-page menu-item-5567\"><a href=\"https:\/\/www.pacteindustrial.org\/es\/ambitos-de-actuacion\/sostenibilidad\/\">Sostenibilidad<\/a><\/li>\n\t<li id=\"menu-item-1100\" class=\"menu-item menu-item-type-post_type menu-item-object-page menu-item-1100\"><a href=\"https:\/\/www.pacteindustrial.org\/es\/ambitos-de-actuacion\/poligonos\/\">Pol\u00edgonos<\/a><\/li>\n\t<li id=\"menu-item-1105\" class=\"menu-item menu-item-type-post_type menu-item-object-page menu-item-1105\"><a href=\"https:\/\/www.pacteindustrial.org\/es\/ambitos-de-actuacion\/innovacion\/\">Innovaci\u00f3n<\/a><\/li>\n\t<li id=\"menu-item-1103\" class=\"menu-item menu-item-type-post_type menu-item-object-page menu-item-1103\"><a href=\"https:\/\/www.pacteindustrial.org\/es\/ambitos-de-actuacion\/movilidad\/\">Movilidad<\/a><\/li>\n\t<li id=\"menu-item-5568\" class=\"menu-item menu-item-type-post_type menu-item-object-page menu-item-5568\"><a href=\"https:\/\/www.pacteindustrial.org\/es\/ambitos-de-actuacion\/formacion\/\">Formaci\u00f3n<\/a><\/li>\n\t<li id=\"menu-item-1102\" class=\"menu-item menu-item-type-post_type menu-item-object-page menu-item-1102\"><a href=\"https:\/\/www.pacteindustrial.org\/es\/ambitos-de-actuacion\/ocupacion\/\">Ocupaci\u00f3n<\/a><\/li>\n\t<li id=\"menu-item-1104\" class=\"menu-item menu-item-type-post_type menu-item-object-page menu-item-1104\"><a href=\"https:\/\/www.pacteindustrial.org\/es\/ambitos-de-actuacion\/internacionalizacion\/\">Internacionalizaci\u00f3n<\/a><\/li>\n\t<li id=\"menu-item-1101\" class=\"menu-item menu-item-type-post_type menu-item-object-page menu-item-1101\"><a href=\"https:\/\/www.pacteindustrial.org\/es\/ambitos-de-actuacion\/datos-y-sig\/\">Datos y SIG<\/a><\/li>\n\t<li id=\"menu-item-1099\" class=\"menu-item menu-item-type-post_type menu-item-object-page menu-item-1099\"><a href=\"https:\/\/www.pacteindustrial.org\/es\/ambitos-de-actuacion\/infraestructuras\/\">Infraestructuras<\/a><\/li>\n<\/ul>\n<\/li>\n<\/ul><\/div>\t\t<\/div>\n\t\t\t\t<\/div>\n\t\t\t\t\t\t<\/div>\n\t\t\t\t\t<\/div>\n\t\t<\/div>\n\t\t\t\t<div class=\"elementor-column elementor-col-66 elementor-top-column elementor-element elementor-element-7e47f59\" data-id=\"7e47f59\" data-element_type=\"column\">\n\t\t\t<div class=\"elementor-column-wrap elementor-element-populated\">\n\t\t\t\t\t\t\t<div class=\"elementor-widget-wrap\">\n\t\t\t\t\t\t<div class=\"elementor-element elementor-element-381f522 elementor-widget elementor-widget-heading\" data-id=\"381f522\" data-element_type=\"widget\" data-widget_type=\"heading.default\">\n\t\t\t\t<div class=\"elementor-widget-container\">\n\t\t\t<h2 class=\"elementor-heading-title elementor-size-default\">Formaci\u00f3n<\/h2>\t\t<\/div>\n\t\t\t\t<\/div>\n\t\t\t\t<div class=\"elementor-element elementor-element-551f22b elementor-widget elementor-widget-text-editor\" data-id=\"551f22b\" data-element_type=\"widget\" data-widget_type=\"text-editor.default\">\n\t\t\t\t<div class=\"elementor-widget-container\">\n\t\t\t\t\t\t\t\t<div class=\"elementor-text-editor elementor-clearfix\">\n\t\t\t\t\t<p style=\"color: #2d3945;\">Estas son las actividades y publicaciones del Pacto Industrial sobre formaci\u00f3n.<\/p>\n\t\t\t\t\t<\/div>\n\t\t\t\t\t\t<\/div>\n\t\t\t\t<\/div>\n\t\t\t\t<div class=\"elementor-element elementor-element-1b5e1de elementor-widget elementor-widget-heading\" data-id=\"1b5e1de\" data-element_type=\"widget\" data-widget_type=\"heading.default\">\n\t\t\t\t<div class=\"elementor-widget-container\">\n\t\t\t<h2 class=\"elementor-heading-title elementor-size-default\">Actividades<\/h2>\t\t<\/div>\n\t\t\t\t<\/div>\n\t\t\t\t<div class=\"elementor-element elementor-element-b51a0c2 elementor-widget elementor-widget-pacteindustrial-addons-news\" data-id=\"b51a0c2\" data-element_type=\"widget\" data-widget_type=\"pacteindustrial-addons-news.default\">\n\t\t\t\t<div class=\"elementor-widget-container\">\n\t\t\t<section id=\"actualitat\" class=\"container pacteindustrial-news-block\" data-lang=\"es\"><div class=\"card-deck pacteindustrial-news-wrapper\"><div class=\"load-spinner\"><div class=\"loader\"><\/div><\/div><article id=\"post-26454\" class=\"card news_entry 26454 post-26454 post type-post status-publish format-standard has-post-thumbnail hentry category-formacion tag-universidad tag-uoc-es post_scope-formacion\"><div class=\"image_wrapper\"><a class=\"image_link\" href=\"https:\/\/www.pacteindustrial.org\/es\/blog\/el-pacto-industrial-y-la-uoc-refuerzan-la-colaboracion-para-impulsar-la-transferencia-de-conocimiento-a-la-industria\/\"><img width=\"500\" height=\"315\" src=\"https:\/\/www.pacteindustrial.org\/wp-content\/uploads\/2026\/02\/2026.02.18_Foto-1-500x315.jpg\" class=\"attachment-articlelisting-thumbnail size-articlelisting-thumbnail wp-post-image\" alt=\"\" loading=\"lazy\" \/><\/a><\/div><div class=\"card-body content_wrapper\"><a class=\"title_link\" href=\"https:\/\/www.pacteindustrial.org\/es\/blog\/el-pacto-industrial-y-la-uoc-refuerzan-la-colaboracion-para-impulsar-la-transferencia-de-conocimiento-a-la-industria\/\"><h1 class=\"post_heading\">El Pacto Industrial y la UOC refuerzan la colaboraci\u00f3n para impulsar la transferencia de conocimiento a la industria<\/h1><\/a><a href=\"https:\/\/www.pacteindustrial.org\/es\/blog\/el-pacto-industrial-y-la-uoc-refuerzan-la-colaboracion-para-impulsar-la-transferencia-de-conocimiento-a-la-industria\/\" class=\"readmore-button\">Leer +<\/a><\/div><\/article><article id=\"post-25749\" class=\"card news_entry 25749 post-25749 post type-post status-publish format-standard has-post-thumbnail hentry category-formacion category-organos-de-gobierno tag-colaboracion tag-descarbonizacion tag-formacion tag-innovacion tag-universidad tag-upc-es post_scope-formacion\"><div class=\"image_wrapper\"><a class=\"image_link\" href=\"https:\/\/www.pacteindustrial.org\/es\/blog\/el-pacto-industrial-y-la-upc-colaboraran-para-impulsar-la-industria-y-la-descarbonizacion\/\"><img width=\"500\" height=\"315\" src=\"https:\/\/www.pacteindustrial.org\/wp-content\/uploads\/2025\/11\/2025.11.24_Foto-1-500x315.jpg\" class=\"attachment-articlelisting-thumbnail size-articlelisting-thumbnail wp-post-image\" alt=\"\" loading=\"lazy\" \/><\/a><\/div><div class=\"card-body content_wrapper\"><a class=\"title_link\" href=\"https:\/\/www.pacteindustrial.org\/es\/blog\/el-pacto-industrial-y-la-upc-colaboraran-para-impulsar-la-industria-y-la-descarbonizacion\/\"><h1 class=\"post_heading\">El Pacto Industrial y la UPC colaborar\u00e1n para impulsar la industria y la descarbonizaci\u00f3n<\/h1><\/a><a href=\"https:\/\/www.pacteindustrial.org\/es\/blog\/el-pacto-industrial-y-la-upc-colaboraran-para-impulsar-la-industria-y-la-descarbonizacion\/\" class=\"readmore-button\">Leer +<\/a><\/div><\/article><\/div><nav class=\"ajax-news-pagination-wrapper\" aria-label=\"Paginador de puiblicaciones\"><ul class=\"pagination ajax-news-pagination\" data-query-vars=\"{&quot;post_type&quot;:&quot;post&quot;,&quot;post_status&quot;:&quot;publish&quot;,&quot;no_found_rows&quot;:false,&quot;ignore_sticky_posts&quot;:true,&quot;orderby&quot;:&quot;date&quot;,&quot;order&quot;:&quot;DESC&quot;,&quot;posts_per_page&quot;:2,&quot;paged&quot;:1,&quot;tax_query&quot;:[{&quot;taxonomy&quot;:&quot;post_scope&quot;,&quot;field&quot;:&quot;slug&quot;,&quot;terms&quot;:&quot;formacion&quot;,&quot;include_children&quot;:false,&quot;operator&quot;:&quot;IN&quot;}],&quot;error&quot;:&quot;&quot;,&quot;m&quot;:&quot;&quot;,&quot;p&quot;:0,&quot;post_parent&quot;:&quot;&quot;,&quot;subpost&quot;:&quot;&quot;,&quot;subpost_id&quot;:&quot;&quot;,&quot;attachment&quot;:&quot;&quot;,&quot;attachment_id&quot;:0,&quot;name&quot;:&quot;&quot;,&quot;pagename&quot;:&quot;&quot;,&quot;page_id&quot;:0,&quot;second&quot;:&quot;&quot;,&quot;minute&quot;:&quot;&quot;,&quot;hour&quot;:&quot;&quot;,&quot;day&quot;:0,&quot;monthnum&quot;:0,&quot;year&quot;:0,&quot;w&quot;:0,&quot;category_name&quot;:&quot;&quot;,&quot;tag&quot;:&quot;&quot;,&quot;cat&quot;:&quot;&quot;,&quot;tag_id&quot;:&quot;&quot;,&quot;author&quot;:&quot;&quot;,&quot;author_name&quot;:&quot;&quot;,&quot;feed&quot;:&quot;&quot;,&quot;tb&quot;:&quot;&quot;,&quot;meta_key&quot;:&quot;&quot;,&quot;meta_value&quot;:&quot;&quot;,&quot;preview&quot;:&quot;&quot;,&quot;s&quot;:&quot;&quot;,&quot;sentence&quot;:&quot;&quot;,&quot;title&quot;:&quot;&quot;,&quot;fields&quot;:&quot;&quot;,&quot;menu_order&quot;:&quot;&quot;,&quot;embed&quot;:&quot;&quot;,&quot;category__in&quot;:[],&quot;category__not_in&quot;:[],&quot;category__and&quot;:[],&quot;post__in&quot;:[],&quot;post__not_in&quot;:[],&quot;post_name__in&quot;:[],&quot;tag__in&quot;:[],&quot;tag__not_in&quot;:[],&quot;tag__and&quot;:[],&quot;tag_slug__in&quot;:[],&quot;tag_slug__and&quot;:[],&quot;post_parent__in&quot;:[],&quot;post_parent__not_in&quot;:[],&quot;author__in&quot;:[],&quot;author__not_in&quot;:[],&quot;meta_query&quot;:[],&quot;suppress_filters&quot;:false,&quot;cache_results&quot;:true,&quot;update_post_term_cache&quot;:true,&quot;lazy_load_term_meta&quot;:true,&quot;update_post_meta_cache&quot;:true,&quot;nopaging&quot;:false,&quot;comments_per_page&quot;:&quot;50&quot;,&quot;taxonomy&quot;:&quot;post_scope&quot;,&quot;term&quot;:&quot;formacion&quot;}\"><li class=\"page-item shadow active\"><span aria-current=\"page\" class=\"page-link current\">1<\/span><\/li><li class=\"page-item shadow\"><a class=\"page-link\" href=\"https:\/\/www.pacteindustrial.org\/es\/wp-json\/wp\/v2\/pages\/270\/?news_page=2\">2<\/a><\/li><li class=\"page-item shadow\"><a class=\"page-link\" href=\"https:\/\/www.pacteindustrial.org\/es\/wp-json\/wp\/v2\/pages\/270\/?news_page=3\">3<\/a><\/li><li class=\"page-item shadow\"><span class=\"page-link dots\">&hellip;<\/span><\/li><li class=\"page-item shadow\"><a class=\"page-link\" href=\"https:\/\/www.pacteindustrial.org\/es\/wp-json\/wp\/v2\/pages\/270\/?news_page=8\">8<\/a><\/li><li class=\"page-item shadow\"><a class=\"next page-link\" href=\"https:\/\/www.pacteindustrial.org\/es\/wp-json\/wp\/v2\/pages\/270\/?news_page=2\">&raquo;<\/a><\/li><\/ul><\/nav><\/section>\t\t<\/div>\n\t\t\t\t<\/div>\n\t\t\t\t<div class=\"elementor-element elementor-element-a3fac43 elementor-align-center elementor-widget elementor-widget-button\" data-id=\"a3fac43\" data-element_type=\"widget\" data-widget_type=\"button.default\">\n\t\t\t\t<div class=\"elementor-widget-container\">\n\t\t\t\t\t<div class=\"elementor-button-wrapper\">\n\t\t\t<a href=\"https:\/\/www.pacteindustrial.org\/es\/noticias\/\" class=\"elementor-button-link elementor-button elementor-size-lg\" role=\"button\">\n\t\t\t\t\t\t<span class=\"elementor-button-content-wrapper\">\n\t\t\t\t\t\t<span class=\"elementor-button-text\">Ver todas las Noticias<\/span>\n\t\t<\/span>\n\t\t\t\t\t<\/a>\n\t\t<\/div>\n\t\t\t\t<\/div>\n\t\t\t\t<\/div>\n\t\t\t\t<div class=\"elementor-element elementor-element-39f9ff5b elementor-widget elementor-widget-heading\" data-id=\"39f9ff5b\" data-element_type=\"widget\" data-widget_type=\"heading.default\">\n\t\t\t\t<div class=\"elementor-widget-container\">\n\t\t\t<h2 class=\"elementor-heading-title elementor-size-default\">Publicaciones<\/h2>\t\t<\/div>\n\t\t\t\t<\/div>\n\t\t\t\t<div class=\"elementor-element elementor-element-4d7b426f elementor-widget elementor-widget-pacteindustrial-addons-publications-list\" data-id=\"4d7b426f\" data-element_type=\"widget\" data-widget_type=\"pacteindustrial-addons-publications-list.default\">\n\t\t\t\t<div class=\"elementor-widget-container\">\n\t\t\t<section class=\"container pacteindustrial-publications-block\" data-lang=\"es\"><div class=\"pacteindustrial-publications-wrapper\"><div class=\"load-spinner\"><div class=\"loader\"><\/div><\/div><article id=\"post-19990\" class=\"card publication-entry post-19990 pi_publication type-pi_publication status-publish has-post-thumbnail hentry post_scope-formacion pi_publication_type-otras-publicaciones\"><div class=\"row no-gutters\"><div class=\"image-wrapper col-md-3\"><a class=\"image-link\" href=\"https:\/\/www.pacteindustrial.org\/es\/publicaciones\/jornada-formacion-profesional-colaboracion-publico-privada-y-territorio-una-estrategia-para-el-desarrollo-economico-sostenible\/\"><img class=\"card-img\" src=\"https:\/\/www.pacteindustrial.org\/wp-content\/uploads\/2023\/10\/Portada-Jornada-2-del-Pacte-Industrial.png\" alt=\"featured image\"><\/a><\/div><div class=\"body-wrapper col-md-9\"><div class=\"card-body\"><div class=\"card-body-header\"><a class=\"title-link\" href=\"https:\/\/www.pacteindustrial.org\/es\/publicaciones\/jornada-formacion-profesional-colaboracion-publico-privada-y-territorio-una-estrategia-para-el-desarrollo-economico-sostenible\/\"><h1 class=\"post-heading\">Jornada Formaci\u00f3n profesional, colaboraci\u00f3n p\u00fablico-privada y territorio: una estrategia para el desarrollo econ\u00f3mico sostenible<\/h1><\/a><p class=\"publication-collections\"><span class=\"collections-title\">Colecci\u00f3n: <\/span><a class=\"collection-link\" href=\"https:\/\/www.pacteindustrial.org\/es\/publicaciones\/?type=otras-publicaciones\">Otras publicaciones<\/a><\/p><\/div><div class=\"card-body-footer\"><p><a href=\"https:\/\/www.pacteindustrial.org\/es\/publicaciones\/jornada-formacion-profesional-colaboracion-publico-privada-y-territorio-una-estrategia-para-el-desarrollo-economico-sostenible\/\" class=\"download-button\">Leer +<\/a><\/p><\/div><\/div><\/div><\/div><\/article><article id=\"post-1253\" class=\"card publication-entry post-1253 pi_publication type-pi_publication status-publish has-post-thumbnail hentry post_scope-formacion post_scope-ocupacion pi_publication_type-cuadernos-del-pacto-industrial\"><div class=\"row no-gutters\"><div class=\"image-wrapper col-md-3\"><a class=\"image-link\" href=\"https:\/\/www.pacteindustrial.org\/es\/publicaciones\/cuaderno-9-prospectiva-de-necesidades-de-ocupacion-y-formacion-en-la-rmb-2015-y-2020\/\"><img class=\"card-img\" src=\"https:\/\/www.pacteindustrial.org\/wp-content\/uploads\/2019\/07\/NecessitatsOcupacioFormacio.jpg\" alt=\"featured image\"><\/a><\/div><div class=\"body-wrapper col-md-9\"><div class=\"card-body\"><div class=\"card-body-header\"><a class=\"title-link\" href=\"https:\/\/www.pacteindustrial.org\/es\/publicaciones\/cuaderno-9-prospectiva-de-necesidades-de-ocupacion-y-formacion-en-la-rmb-2015-y-2020\/\"><h1 class=\"post-heading\">Prospectiva de necesidades de ocupaci\u00f3n y formaci\u00f3n en la RMB (2015 y 2020)<\/h1><\/a><p class=\"publication-authors\"><span class=\"authors-title\">Autor: <\/span><a class=\"author-link\" href=\"https:\/\/www.pacteindustrial.org\/ca\/fem-xarxa\/oriol-homs\/\">Oriol Homs i Ferret<\/a><\/p><p class=\"publication-collections\"><span class=\"collections-title\">Colecci\u00f3n: <\/span><a class=\"collection-link\" href=\"https:\/\/www.pacteindustrial.org\/es\/publicaciones\/?type=cuadernos-del-pacto-industrial\">Cuadernos del Pacto Industrial<\/a><\/p><\/div><div class=\"card-body-footer\"><p><a href=\"https:\/\/www.pacteindustrial.org\/es\/publicaciones\/cuaderno-9-prospectiva-de-necesidades-de-ocupacion-y-formacion-en-la-rmb-2015-y-2020\/\" class=\"download-button\">Leer +<\/a><\/p><\/div><\/div><\/div><\/div><\/article><\/div><nav class=\"ajax-publications-pagination-wrapper\" aria-label=\"Paginador de puiblicaciones\"><ul class=\"pagination ajax-publications-pagination\" data-query-vars=\"{&quot;post_type&quot;:&quot;pi_publication&quot;,&quot;post_status&quot;:&quot;publish&quot;,&quot;no_found_rows&quot;:false,&quot;ignore_sticky_posts&quot;:true,&quot;orderby&quot;:&quot;date&quot;,&quot;order&quot;:&quot;DESC&quot;,&quot;posts_per_page&quot;:2,&quot;paged&quot;:1,&quot;tax_query&quot;:[{&quot;taxonomy&quot;:&quot;post_scope&quot;,&quot;field&quot;:&quot;slug&quot;,&quot;terms&quot;:&quot;formacion&quot;,&quot;include_children&quot;:false,&quot;operator&quot;:&quot;IN&quot;}],&quot;error&quot;:&quot;&quot;,&quot;m&quot;:&quot;&quot;,&quot;p&quot;:0,&quot;post_parent&quot;:&quot;&quot;,&quot;subpost&quot;:&quot;&quot;,&quot;subpost_id&quot;:&quot;&quot;,&quot;attachment&quot;:&quot;&quot;,&quot;attachment_id&quot;:0,&quot;name&quot;:&quot;&quot;,&quot;pagename&quot;:&quot;&quot;,&quot;page_id&quot;:0,&quot;second&quot;:&quot;&quot;,&quot;minute&quot;:&quot;&quot;,&quot;hour&quot;:&quot;&quot;,&quot;day&quot;:0,&quot;monthnum&quot;:0,&quot;year&quot;:0,&quot;w&quot;:0,&quot;category_name&quot;:&quot;&quot;,&quot;tag&quot;:&quot;&quot;,&quot;cat&quot;:&quot;&quot;,&quot;tag_id&quot;:&quot;&quot;,&quot;author&quot;:&quot;&quot;,&quot;author_name&quot;:&quot;&quot;,&quot;feed&quot;:&quot;&quot;,&quot;tb&quot;:&quot;&quot;,&quot;meta_key&quot;:&quot;&quot;,&quot;meta_value&quot;:&quot;&quot;,&quot;preview&quot;:&quot;&quot;,&quot;s&quot;:&quot;&quot;,&quot;sentence&quot;:&quot;&quot;,&quot;title&quot;:&quot;&quot;,&quot;fields&quot;:&quot;&quot;,&quot;menu_order&quot;:&quot;&quot;,&quot;embed&quot;:&quot;&quot;,&quot;category__in&quot;:[],&quot;category__not_in&quot;:[],&quot;category__and&quot;:[],&quot;post__in&quot;:[],&quot;post__not_in&quot;:[],&quot;post_name__in&quot;:[],&quot;tag__in&quot;:[],&quot;tag__not_in&quot;:[],&quot;tag__and&quot;:[],&quot;tag_slug__in&quot;:[],&quot;tag_slug__and&quot;:[],&quot;post_parent__in&quot;:[],&quot;post_parent__not_in&quot;:[],&quot;author__in&quot;:[],&quot;author__not_in&quot;:[],&quot;meta_query&quot;:[],&quot;suppress_filters&quot;:false,&quot;cache_results&quot;:true,&quot;update_post_term_cache&quot;:true,&quot;lazy_load_term_meta&quot;:true,&quot;update_post_meta_cache&quot;:true,&quot;nopaging&quot;:false,&quot;comments_per_page&quot;:&quot;50&quot;,&quot;taxonomy&quot;:&quot;post_scope&quot;,&quot;term&quot;:&quot;formacion&quot;}\"><li class=\"page-item shadow active\"><span aria-current=\"page\" class=\"page-link current\">1<\/span><\/li><li class=\"page-item shadow\"><a class=\"page-link\" href=\"https:\/\/www.pacteindustrial.org\/es\/wp-json\/wp\/v2\/pages\/270\/?publications_page=2\">2<\/a><\/li><li class=\"page-item shadow\"><a class=\"next page-link\" href=\"https:\/\/www.pacteindustrial.org\/es\/wp-json\/wp\/v2\/pages\/270\/?publications_page=2\">&raquo;<\/a><\/li><\/ul><\/nav><\/section>\t\t<\/div>\n\t\t\t\t<\/div>\n\t\t\t\t<div class=\"elementor-element elementor-element-7642da8a elementor-align-center elementor-widget elementor-widget-button\" data-id=\"7642da8a\" data-element_type=\"widget\" data-widget_type=\"button.default\">\n\t\t\t\t<div class=\"elementor-widget-container\">\n\t\t\t\t\t<div class=\"elementor-button-wrapper\">\n\t\t\t<a href=\"https:\/\/www.pacteindustrial.org\/es\/publicaciones\/\" class=\"elementor-button-link elementor-button elementor-size-lg\" role=\"button\">\n\t\t\t\t\t\t<span class=\"elementor-button-content-wrapper\">\n\t\t\t\t\t\t<span class=\"elementor-button-text\">Ver totas las Publicaciones<\/span>\n\t\t<\/span>\n\t\t\t\t\t<\/a>\n\t\t<\/div>\n\t\t\t\t<\/div>\n\t\t\t\t<\/div>\n\t\t\t\t\t\t<\/div>\n\t\t\t\t\t<\/div>\n\t\t<\/div>\n\t\t\t\t\t\t\t\t<\/div>\n\t\t\t\t\t<\/div>\n\t\t<\/section>\n\t\t\t\t\t\t<\/div>\n\t\t\t\t\t\t<\/div>\n\t\t\t\t\t<\/div>\n\t\t","protected":false},"excerpt":{"rendered":"<p>Formaci\u00f3n Estas son las actividades y publicaciones del Pacto Industrial sobre formaci\u00f3n. Actividades Reuni\u00f3n de la Comisi\u00f3n de Formaci\u00f3n sobre el despliegue de la Ley catalana de FP Leer + Carles Rivera defiende la necesidad de di\u00e1logo, concertaci\u00f3n y pacto como instrumentos para una reindustrializaci\u00f3n sostenible Leer + 1 2 3 4 &raquo; Ver todas [&#8230;]<\/p>\n","protected":false},"author":1,"featured_media":0,"parent":302,"menu_order":0,"comment_status":"closed","ping_status":"closed","template":"","meta":[],"yoast_head":"<!-- This site is optimized with the Yoast SEO plugin v16.1.1 - https:\/\/yoast.com\/wordpress\/plugins\/seo\/ -->\n<title>Formaci\u00f3n - Pacte Industrial RMB<\/title>\n<link rel=\"canonical\" href=\"https:\/\/www.pacteindustrial.org\/es\/ambitos-de-actuacion\/formacion\/\" \/>\n<meta property=\"og:locale\" content=\"es_ES\" \/>\n<meta property=\"og:type\" content=\"article\" \/>\n<meta property=\"og:title\" content=\"Formaci\u00f3n - Pacte Industrial RMB\" \/>\n<meta property=\"og:description\" content=\"Formaci\u00f3n Estas son las actividades y publicaciones del Pacto Industrial sobre formaci\u00f3n. Actividades Reuni\u00f3n de la Comisi\u00f3n de Formaci\u00f3n sobre el despliegue de la Ley catalana de FP Leer + Carles Rivera defiende la necesidad de di\u00e1logo, concertaci\u00f3n y pacto como instrumentos para una reindustrializaci\u00f3n sostenible Leer + 1 2 3 4 &raquo; Ver todas [...]\" \/>\n<meta property=\"og:url\" content=\"https:\/\/www.pacteindustrial.org\/es\/ambitos-de-actuacion\/formacion\/\" \/>\n<meta property=\"og:site_name\" content=\"Pacte Industrial RMB\" \/>\n<meta property=\"article:modified_time\" content=\"2021-02-16T15:06:12+00:00\" \/>\n<meta property=\"og:image\" content=\"https:\/\/www.pacteindustrial.org\/wp-content\/uploads\/2019\/06\/71c481e81c3c5203816e31fd726d549f-500x315.jpg\" \/>\n<meta name=\"twitter:card\" content=\"summary_large_image\" \/>\n<meta name=\"twitter:label1\" content=\"Tiempo de lectura\">\n\t<meta name=\"twitter:data1\" content=\"1 minuto\">\n<script type=\"application\/ld+json\" class=\"yoast-schema-graph\">{\"@context\":\"https:\/\/schema.org\",\"@graph\":[{\"@type\":\"WebSite\",\"@id\":\"https:\/\/www.pacteindustrial.org\/ca\/#website\",\"url\":\"https:\/\/www.pacteindustrial.org\/ca\/\",\"name\":\"Pacte Industrial RMB\",\"description\":\"\",\"potentialAction\":[{\"@type\":\"SearchAction\",\"target\":\"https:\/\/www.pacteindustrial.org\/ca\/?s={search_term_string}\",\"query-input\":\"required name=search_term_string\"}],\"inLanguage\":\"es\"},{\"@type\":\"ImageObject\",\"@id\":\"https:\/\/www.pacteindustrial.org\/es\/ambitos-de-actuacion\/formacion\/#primaryimage\",\"inLanguage\":\"es\",\"url\":\"https:\/\/www.pacteindustrial.org\/wp-content\/uploads\/2019\/06\/71c481e81c3c5203816e31fd726d549f.jpg\",\"contentUrl\":\"https:\/\/www.pacteindustrial.org\/wp-content\/uploads\/2019\/06\/71c481e81c3c5203816e31fd726d549f.jpg\",\"width\":640,\"height\":480,\"caption\":\"De izq. a dcha.: Fabian Mohedano, M. Rosa Fiol y Carles Rivera.\"},{\"@type\":\"WebPage\",\"@id\":\"https:\/\/www.pacteindustrial.org\/es\/ambitos-de-actuacion\/formacion\/#webpage\",\"url\":\"https:\/\/www.pacteindustrial.org\/es\/ambitos-de-actuacion\/formacion\/\",\"name\":\"Formaci\\u00f3n - Pacte Industrial RMB\",\"isPartOf\":{\"@id\":\"https:\/\/www.pacteindustrial.org\/ca\/#website\"},\"primaryImageOfPage\":{\"@id\":\"https:\/\/www.pacteindustrial.org\/es\/ambitos-de-actuacion\/formacion\/#primaryimage\"},\"datePublished\":\"2019-06-11T07:53:17+00:00\",\"dateModified\":\"2021-02-16T15:06:12+00:00\",\"breadcrumb\":{\"@id\":\"https:\/\/www.pacteindustrial.org\/es\/ambitos-de-actuacion\/formacion\/#breadcrumb\"},\"inLanguage\":\"es\",\"potentialAction\":[{\"@type\":\"ReadAction\",\"target\":[\"https:\/\/www.pacteindustrial.org\/es\/ambitos-de-actuacion\/formacion\/\"]}]},{\"@type\":\"BreadcrumbList\",\"@id\":\"https:\/\/www.pacteindustrial.org\/es\/ambitos-de-actuacion\/formacion\/#breadcrumb\",\"itemListElement\":[{\"@type\":\"ListItem\",\"position\":1,\"item\":{\"@type\":\"WebPage\",\"@id\":\"https:\/\/www.pacteindustrial.org\/es\/\",\"url\":\"https:\/\/www.pacteindustrial.org\/es\/\",\"name\":\"Home\"}},{\"@type\":\"ListItem\",\"position\":2,\"item\":{\"@type\":\"WebPage\",\"@id\":\"https:\/\/www.pacteindustrial.org\/es\/ambitos-de-actuacion\/\",\"url\":\"https:\/\/www.pacteindustrial.org\/es\/ambitos-de-actuacion\/\",\"name\":\"\\u00c1mbitos de actuaci\\u00f3n\"}},{\"@type\":\"ListItem\",\"position\":3,\"item\":{\"@type\":\"WebPage\",\"@id\":\"https:\/\/www.pacteindustrial.org\/es\/ambitos-de-actuacion\/formacion\/\",\"url\":\"https:\/\/www.pacteindustrial.org\/es\/ambitos-de-actuacion\/formacion\/\",\"name\":\"Formaci\\u00f3n\"}}]}]}<\/script>\n<!-- \/ Yoast SEO plugin. -->","_links":{"self":[{"href":"https:\/\/www.pacteindustrial.org\/es\/wp-json\/wp\/v2\/pages\/270"}],"collection":[{"href":"https:\/\/www.pacteindustrial.org\/es\/wp-json\/wp\/v2\/pages"}],"about":[{"href":"https:\/\/www.pacteindustrial.org\/es\/wp-json\/wp\/v2\/types\/page"}],"author":[{"embeddable":true,"href":"https:\/\/www.pacteindustrial.org\/es\/wp-json\/wp\/v2\/users\/1"}],"replies":[{"embeddable":true,"href":"https:\/\/www.pacteindustrial.org\/es\/wp-json\/wp\/v2\/comments?post=270"}],"version-history":[{"count":9,"href":"https:\/\/www.pacteindustrial.org\/es\/wp-json\/wp\/v2\/pages\/270\/revisions"}],"predecessor-version":[{"id":12939,"href":"https:\/\/www.pacteindustrial.org\/es\/wp-json\/wp\/v2\/pages\/270\/revisions\/12939"}],"up":[{"embeddable":true,"href":"https:\/\/www.pacteindustrial.org\/es\/wp-json\/wp\/v2\/pages\/302"}],"wp:attachment":[{"href":"https:\/\/www.pacteindustrial.org\/es\/wp-json\/wp\/v2\/media?parent=270"}],"curies":[{"name":"wp","href":"https:\/\/api.w.org\/{rel}","templated":true}]}}