{"id":304,"date":"2019-06-11T10:15:10","date_gmt":"2019-06-11T08:15:10","guid":{"rendered":"https:\/\/www.pacteindustrial.org\/ambitos-de-actuacion\/poligonos\/"},"modified":"2021-02-16T17:03:54","modified_gmt":"2021-02-16T15:03:54","slug":"poligonos","status":"publish","type":"page","link":"https:\/\/www.pacteindustrial.org\/es\/ambitos-de-actuacion\/poligonos\/","title":{"rendered":"Pol\u00edgonos"},"content":{"rendered":"\t\t<div data-elementor-type=\"wp-post\" data-elementor-id=\"304\" class=\"elementor elementor-304 elementor-72\" data-elementor-settings=\"[]\">\n\t\t\t\t\t\t<div class=\"elementor-inner\">\n\t\t\t\t\t\t\t<div class=\"elementor-section-wrap\">\n\t\t\t\t\t\t\t<section class=\"elementor-section elementor-top-section elementor-element elementor-element-8048217 elementor-section-boxed elementor-section-height-default elementor-section-height-default\" data-id=\"8048217\" data-element_type=\"section\">\n\t\t\t\t\t\t<div class=\"elementor-container elementor-column-gap-default\">\n\t\t\t\t\t\t\t<div class=\"elementor-row\">\n\t\t\t\t\t<div class=\"elementor-column elementor-col-33 elementor-top-column elementor-element elementor-element-0debd09\" data-id=\"0debd09\" data-element_type=\"column\">\n\t\t\t<div class=\"elementor-column-wrap elementor-element-populated\">\n\t\t\t\t\t\t\t<div class=\"elementor-widget-wrap\">\n\t\t\t\t\t\t<div class=\"elementor-element elementor-element-010c07f elementor-widget elementor-widget-wp-widget-nav_menu\" data-id=\"010c07f\" data-element_type=\"widget\" data-widget_type=\"wp-widget-nav_menu.default\">\n\t\t\t\t<div class=\"elementor-widget-container\">\n\t\t\t<h5>Qu\u00e9 hacemos<\/h5><div class=\"menu-sidebar2-es-container\"><ul id=\"menu-sidebar2-es\" class=\"menu\"><li id=\"menu-item-1098\" class=\"menu-item menu-item-type-post_type menu-item-object-page menu-item-has-children menu-item-1098\"><a href=\"https:\/\/www.pacteindustrial.org\/es\/ambitos-de-actuacion\/\">\u00c1mbitos de actuaci\u00f3n<\/a>\n<ul class=\"sub-menu\">\n\t<li id=\"menu-item-5567\" class=\"menu-item menu-item-type-post_type menu-item-object-page menu-item-5567\"><a href=\"https:\/\/www.pacteindustrial.org\/es\/ambitos-de-actuacion\/sostenibilidad\/\">Sostenibilidad<\/a><\/li>\n\t<li id=\"menu-item-1100\" class=\"menu-item menu-item-type-post_type menu-item-object-page menu-item-1100\"><a href=\"https:\/\/www.pacteindustrial.org\/es\/ambitos-de-actuacion\/poligonos\/\">Pol\u00edgonos<\/a><\/li>\n\t<li id=\"menu-item-1105\" class=\"menu-item menu-item-type-post_type menu-item-object-page menu-item-1105\"><a href=\"https:\/\/www.pacteindustrial.org\/es\/ambitos-de-actuacion\/innovacion\/\">Innovaci\u00f3n<\/a><\/li>\n\t<li id=\"menu-item-1103\" class=\"menu-item menu-item-type-post_type menu-item-object-page menu-item-1103\"><a href=\"https:\/\/www.pacteindustrial.org\/es\/ambitos-de-actuacion\/movilidad\/\">Movilidad<\/a><\/li>\n\t<li id=\"menu-item-5568\" class=\"menu-item menu-item-type-post_type menu-item-object-page menu-item-5568\"><a href=\"https:\/\/www.pacteindustrial.org\/es\/ambitos-de-actuacion\/formacion\/\">Formaci\u00f3n<\/a><\/li>\n\t<li id=\"menu-item-1102\" class=\"menu-item menu-item-type-post_type menu-item-object-page menu-item-1102\"><a href=\"https:\/\/www.pacteindustrial.org\/es\/ambitos-de-actuacion\/ocupacion\/\">Ocupaci\u00f3n<\/a><\/li>\n\t<li id=\"menu-item-1104\" class=\"menu-item menu-item-type-post_type menu-item-object-page menu-item-1104\"><a href=\"https:\/\/www.pacteindustrial.org\/es\/ambitos-de-actuacion\/internacionalizacion\/\">Internacionalizaci\u00f3n<\/a><\/li>\n\t<li id=\"menu-item-1101\" class=\"menu-item menu-item-type-post_type menu-item-object-page menu-item-1101\"><a href=\"https:\/\/www.pacteindustrial.org\/es\/ambitos-de-actuacion\/datos-y-sig\/\">Datos y SIG<\/a><\/li>\n\t<li id=\"menu-item-1099\" class=\"menu-item menu-item-type-post_type menu-item-object-page menu-item-1099\"><a href=\"https:\/\/www.pacteindustrial.org\/es\/ambitos-de-actuacion\/infraestructuras\/\">Infraestructuras<\/a><\/li>\n<\/ul>\n<\/li>\n<\/ul><\/div>\t\t<\/div>\n\t\t\t\t<\/div>\n\t\t\t\t\t\t<\/div>\n\t\t\t\t\t<\/div>\n\t\t<\/div>\n\t\t\t\t<div class=\"elementor-column elementor-col-66 elementor-top-column elementor-element elementor-element-354cdec\" data-id=\"354cdec\" data-element_type=\"column\">\n\t\t\t<div class=\"elementor-column-wrap elementor-element-populated\">\n\t\t\t\t\t\t\t<div class=\"elementor-widget-wrap\">\n\t\t\t\t\t\t<div class=\"elementor-element elementor-element-6025ddd elementor-widget elementor-widget-heading\" data-id=\"6025ddd\" data-element_type=\"widget\" data-widget_type=\"heading.default\">\n\t\t\t\t<div class=\"elementor-widget-container\">\n\t\t\t<h2 class=\"elementor-heading-title elementor-size-default\">Pol\u00edgonos<\/h2>\t\t<\/div>\n\t\t\t\t<\/div>\n\t\t\t\t<div class=\"elementor-element elementor-element-0171a95 elementor-widget elementor-widget-text-editor\" data-id=\"0171a95\" data-element_type=\"widget\" data-widget_type=\"text-editor.default\">\n\t\t\t\t<div class=\"elementor-widget-container\">\n\t\t\t\t\t\t\t\t<div class=\"elementor-text-editor elementor-clearfix\">\n\t\t\t\t\t<p style=\"color: #2d3945;\">Estas son las actividades y publicaciones del Pacto Industrial sobre pol\u00edgonos industriales.<\/p>\n\t\t\t\t\t<\/div>\n\t\t\t\t\t\t<\/div>\n\t\t\t\t<\/div>\n\t\t\t\t<div class=\"elementor-element elementor-element-c773c00 elementor-widget elementor-widget-heading\" data-id=\"c773c00\" data-element_type=\"widget\" data-widget_type=\"heading.default\">\n\t\t\t\t<div class=\"elementor-widget-container\">\n\t\t\t<h2 class=\"elementor-heading-title elementor-size-default\">Actividades<\/h2>\t\t<\/div>\n\t\t\t\t<\/div>\n\t\t\t\t<div class=\"elementor-element elementor-element-c7c575c elementor-widget elementor-widget-pacteindustrial-addons-news\" data-id=\"c7c575c\" data-element_type=\"widget\" data-widget_type=\"pacteindustrial-addons-news.default\">\n\t\t\t\t<div class=\"elementor-widget-container\">\n\t\t\t<section id=\"actualitat\" class=\"container pacteindustrial-news-block\" data-lang=\"es\"><div class=\"card-deck pacteindustrial-news-wrapper\"><div class=\"load-spinner\"><div class=\"loader\"><\/div><\/div><article id=\"post-25902\" class=\"card news_entry 25902 post-25902 post type-post status-publish format-standard has-post-thumbnail hentry category-poligonos tag-garraf-es tag-poligonos-es post_scope-poligonos\"><div class=\"image_wrapper\"><a class=\"image_link\" href=\"https:\/\/www.pacteindustrial.org\/es\/blog\/jornada-en-el-garraf-sobre-cooperacion-gobernanza-y-asociacionismo-en-los-poligonos\/\"><img width=\"500\" height=\"315\" src=\"https:\/\/www.pacteindustrial.org\/wp-content\/uploads\/2026\/01\/2026.01.27_Foto-1-500x315.jpg\" class=\"attachment-articlelisting-thumbnail size-articlelisting-thumbnail wp-post-image\" alt=\"\" loading=\"lazy\" \/><\/a><\/div><div class=\"card-body content_wrapper\"><a class=\"title_link\" href=\"https:\/\/www.pacteindustrial.org\/es\/blog\/jornada-en-el-garraf-sobre-cooperacion-gobernanza-y-asociacionismo-en-los-poligonos\/\"><h1 class=\"post_heading\">Jornada en el Garraf sobre cooperaci\u00f3n, gobernanza y asociacionismo en los pol\u00edgonos<\/h1><\/a><a href=\"https:\/\/www.pacteindustrial.org\/es\/blog\/jornada-en-el-garraf-sobre-cooperacion-gobernanza-y-asociacionismo-en-los-poligonos\/\" class=\"readmore-button\">Leer +<\/a><\/div><\/article><article id=\"post-25805\" class=\"card news_entry 25805 post-25805 post type-post status-publish format-standard has-post-thumbnail hentry category-poligonos tag-energia-es tag-garraf-es tag-poligonos-es post_scope-poligonos\"><div class=\"image_wrapper\"><a class=\"image_link\" href=\"https:\/\/www.pacteindustrial.org\/es\/blog\/asociacionismo-empresarial-y-energia-en-los-poligonos-protagonistas-del-encuentro-sobre-pae-en-vilanova-i-la-geltru-con-la-participacion-del-pacto-industrial\/\"><img width=\"500\" height=\"315\" src=\"https:\/\/www.pacteindustrial.org\/wp-content\/uploads\/2026\/01\/2025.12.10_Foto-1-500x315.png\" class=\"attachment-articlelisting-thumbnail size-articlelisting-thumbnail wp-post-image\" alt=\"\" loading=\"lazy\" \/><\/a><\/div><div class=\"card-body content_wrapper\"><a class=\"title_link\" href=\"https:\/\/www.pacteindustrial.org\/es\/blog\/asociacionismo-empresarial-y-energia-en-los-poligonos-protagonistas-del-encuentro-sobre-pae-en-vilanova-i-la-geltru-con-la-participacion-del-pacto-industrial\/\"><h1 class=\"post_heading\">Asociacionismo empresarial y energ\u00eda en los pol\u00edgonos, protagonistas del encuentro sobre PAE en Vilanova i la Geltr\u00fa con la participaci\u00f3n del Pacto Industrial<\/h1><\/a><a href=\"https:\/\/www.pacteindustrial.org\/es\/blog\/asociacionismo-empresarial-y-energia-en-los-poligonos-protagonistas-del-encuentro-sobre-pae-en-vilanova-i-la-geltru-con-la-participacion-del-pacto-industrial\/\" class=\"readmore-button\">Leer +<\/a><\/div><\/article><\/div><nav class=\"ajax-news-pagination-wrapper\" aria-label=\"Paginador de puiblicaciones\"><ul class=\"pagination ajax-news-pagination\" data-query-vars=\"{&quot;post_type&quot;:&quot;post&quot;,&quot;post_status&quot;:&quot;publish&quot;,&quot;no_found_rows&quot;:false,&quot;ignore_sticky_posts&quot;:true,&quot;orderby&quot;:&quot;date&quot;,&quot;order&quot;:&quot;DESC&quot;,&quot;posts_per_page&quot;:2,&quot;paged&quot;:1,&quot;tax_query&quot;:[{&quot;taxonomy&quot;:&quot;post_scope&quot;,&quot;field&quot;:&quot;slug&quot;,&quot;terms&quot;:&quot;poligonos&quot;,&quot;include_children&quot;:false,&quot;operator&quot;:&quot;IN&quot;}],&quot;error&quot;:&quot;&quot;,&quot;m&quot;:&quot;&quot;,&quot;p&quot;:0,&quot;post_parent&quot;:&quot;&quot;,&quot;subpost&quot;:&quot;&quot;,&quot;subpost_id&quot;:&quot;&quot;,&quot;attachment&quot;:&quot;&quot;,&quot;attachment_id&quot;:0,&quot;name&quot;:&quot;&quot;,&quot;pagename&quot;:&quot;&quot;,&quot;page_id&quot;:0,&quot;second&quot;:&quot;&quot;,&quot;minute&quot;:&quot;&quot;,&quot;hour&quot;:&quot;&quot;,&quot;day&quot;:0,&quot;monthnum&quot;:0,&quot;year&quot;:0,&quot;w&quot;:0,&quot;category_name&quot;:&quot;&quot;,&quot;tag&quot;:&quot;&quot;,&quot;cat&quot;:&quot;&quot;,&quot;tag_id&quot;:&quot;&quot;,&quot;author&quot;:&quot;&quot;,&quot;author_name&quot;:&quot;&quot;,&quot;feed&quot;:&quot;&quot;,&quot;tb&quot;:&quot;&quot;,&quot;meta_key&quot;:&quot;&quot;,&quot;meta_value&quot;:&quot;&quot;,&quot;preview&quot;:&quot;&quot;,&quot;s&quot;:&quot;&quot;,&quot;sentence&quot;:&quot;&quot;,&quot;title&quot;:&quot;&quot;,&quot;fields&quot;:&quot;&quot;,&quot;menu_order&quot;:&quot;&quot;,&quot;embed&quot;:&quot;&quot;,&quot;category__in&quot;:[],&quot;category__not_in&quot;:[],&quot;category__and&quot;:[],&quot;post__in&quot;:[],&quot;post__not_in&quot;:[],&quot;post_name__in&quot;:[],&quot;tag__in&quot;:[],&quot;tag__not_in&quot;:[],&quot;tag__and&quot;:[],&quot;tag_slug__in&quot;:[],&quot;tag_slug__and&quot;:[],&quot;post_parent__in&quot;:[],&quot;post_parent__not_in&quot;:[],&quot;author__in&quot;:[],&quot;author__not_in&quot;:[],&quot;meta_query&quot;:[],&quot;suppress_filters&quot;:false,&quot;cache_results&quot;:true,&quot;update_post_term_cache&quot;:true,&quot;lazy_load_term_meta&quot;:true,&quot;update_post_meta_cache&quot;:true,&quot;nopaging&quot;:false,&quot;comments_per_page&quot;:&quot;50&quot;,&quot;taxonomy&quot;:&quot;post_scope&quot;,&quot;term&quot;:&quot;poligonos&quot;}\"><li class=\"page-item shadow active\"><span aria-current=\"page\" class=\"page-link current\">1<\/span><\/li><li class=\"page-item shadow\"><a class=\"page-link\" href=\"https:\/\/www.pacteindustrial.org\/es\/wp-json\/wp\/v2\/pages\/304\/?news_page=2\">2<\/a><\/li><li class=\"page-item shadow\"><a class=\"page-link\" href=\"https:\/\/www.pacteindustrial.org\/es\/wp-json\/wp\/v2\/pages\/304\/?news_page=3\">3<\/a><\/li><li class=\"page-item shadow\"><span class=\"page-link dots\">&hellip;<\/span><\/li><li class=\"page-item shadow\"><a class=\"page-link\" href=\"https:\/\/www.pacteindustrial.org\/es\/wp-json\/wp\/v2\/pages\/304\/?news_page=15\">15<\/a><\/li><li class=\"page-item shadow\"><a class=\"next page-link\" href=\"https:\/\/www.pacteindustrial.org\/es\/wp-json\/wp\/v2\/pages\/304\/?news_page=2\">&raquo;<\/a><\/li><\/ul><\/nav><\/section>\t\t<\/div>\n\t\t\t\t<\/div>\n\t\t\t\t<div class=\"elementor-element elementor-element-85f89fa elementor-align-center elementor-widget elementor-widget-button\" data-id=\"85f89fa\" data-element_type=\"widget\" data-widget_type=\"button.default\">\n\t\t\t\t<div class=\"elementor-widget-container\">\n\t\t\t\t\t<div class=\"elementor-button-wrapper\">\n\t\t\t<a href=\"https:\/\/www.pacteindustrial.org\/es\/noticias\/\" class=\"elementor-button-link elementor-button elementor-size-lg\" role=\"button\">\n\t\t\t\t\t\t<span class=\"elementor-button-content-wrapper\">\n\t\t\t\t\t\t<span class=\"elementor-button-text\">Ver todas las Noticias<\/span>\n\t\t<\/span>\n\t\t\t\t\t<\/a>\n\t\t<\/div>\n\t\t\t\t<\/div>\n\t\t\t\t<\/div>\n\t\t\t\t<div class=\"elementor-element elementor-element-252dd9b elementor-widget elementor-widget-heading\" data-id=\"252dd9b\" data-element_type=\"widget\" data-widget_type=\"heading.default\">\n\t\t\t\t<div class=\"elementor-widget-container\">\n\t\t\t<h2 class=\"elementor-heading-title elementor-size-default\">Publicaciones<\/h2>\t\t<\/div>\n\t\t\t\t<\/div>\n\t\t\t\t<div class=\"elementor-element elementor-element-61b84e elementor-widget elementor-widget-pacteindustrial-addons-publications-list\" data-id=\"61b84e\" data-element_type=\"widget\" data-widget_type=\"pacteindustrial-addons-publications-list.default\">\n\t\t\t\t<div class=\"elementor-widget-container\">\n\t\t\t<section class=\"container pacteindustrial-publications-block\" data-lang=\"es\"><div class=\"pacteindustrial-publications-wrapper\"><div class=\"load-spinner\"><div class=\"loader\"><\/div><\/div><article id=\"post-24389\" class=\"card publication-entry post-24389 pi_publication type-pi_publication status-publish has-post-thumbnail hentry post_scope-poligonos pi_publication_type-otras-publicaciones\"><div class=\"row no-gutters\"><div class=\"image-wrapper col-md-3\"><a class=\"image-link\" href=\"https:\/\/www.pacteindustrial.org\/es\/publicaciones\/poligonos-de-actividad-economica-en-catalunya-retos-y-escenarios-reguladores\/\"><img class=\"card-img\" src=\"https:\/\/www.pacteindustrial.org\/wp-content\/uploads\/2025\/06\/Poligons-dactivitat-economica-a-Catalunya-reptes-i-escenaris-reguladors.png\" alt=\"featured image\"><\/a><\/div><div class=\"body-wrapper col-md-9\"><div class=\"card-body\"><div class=\"card-body-header\"><a class=\"title-link\" href=\"https:\/\/www.pacteindustrial.org\/es\/publicaciones\/poligonos-de-actividad-economica-en-catalunya-retos-y-escenarios-reguladores\/\"><h1 class=\"post-heading\">Pol\u00edgonos de actividad econ\u00f3mica en Catalunya: retos y escenarios reguladores<\/h1><\/a><p class=\"publication-authors\"><span class=\"authors-title\">Autores: <\/span><a class=\"author-link\" href=\"https:\/\/www.pacteindustrial.org\/ca\/fem-xarxa\/jaume-amill-miralles\/\">Jaume Amill Miralles<\/a>, <a class=\"author-link\" href=\"https:\/\/www.pacteindustrial.org\/ca\/fem-xarxa\/marti-pol-nuevo\/\">Mart\u00ed Pol Nuevo<\/a>, <a class=\"author-link\" href=\"https:\/\/www.pacteindustrial.org\/ca\/fem-xarxa\/claudia-puig-fernandez\/\">Claudia Puig Fern\u00e1ndez<\/a><\/p><p class=\"publication-collections\"><span class=\"collections-title\">Colecci\u00f3n: <\/span><a class=\"collection-link\" href=\"https:\/\/www.pacteindustrial.org\/es\/publicaciones\/?type=otras-publicaciones\">Otras publicaciones<\/a><\/p><\/div><div class=\"card-body-footer\"><p><a href=\"https:\/\/www.pacteindustrial.org\/es\/publicaciones\/poligonos-de-actividad-economica-en-catalunya-retos-y-escenarios-reguladores\/\" class=\"download-button\">Leer +<\/a><\/p><\/div><\/div><\/div><\/div><\/article><article id=\"post-15725\" class=\"card publication-entry post-15725 pi_publication type-pi_publication status-publish has-post-thumbnail hentry post_scope-datos post_scope-poligonos pi_publication_type-papeles-del-pacto-industrial\"><div class=\"row no-gutters\"><div class=\"image-wrapper col-md-3\"><a class=\"image-link\" href=\"https:\/\/www.pacteindustrial.org\/es\/publicaciones\/servicios-comerciales-y-atractividad-de-los-poligonos-de-actividad-economica-en-la-region-metropolitana-de-barcelona\/\"><img class=\"card-img\" src=\"https:\/\/www.pacteindustrial.org\/wp-content\/uploads\/2022\/01\/P6-es.png\" alt=\"featured image\"><\/a><\/div><div class=\"body-wrapper col-md-9\"><div class=\"card-body\"><div class=\"card-body-header\"><a class=\"title-link\" href=\"https:\/\/www.pacteindustrial.org\/es\/publicaciones\/servicios-comerciales-y-atractividad-de-los-poligonos-de-actividad-economica-en-la-region-metropolitana-de-barcelona\/\"><h1 class=\"post-heading\">Servicios comerciales y atractividad de los pol\u00edgonos de actividad econ\u00f3mica en la Regi\u00f3n Metropolitana de Barcelona<\/h1><\/a><p class=\"publication-authors\"><span class=\"authors-title\">Autores: <\/span><a class=\"author-link\" href=\"https:\/\/www.pacteindustrial.org\/ca\/fem-xarxa\/carlos-carrasco-farre\/\">Carlos Carrasco Farr\u00e9<\/a>, <a class=\"author-link\" href=\"https:\/\/www.pacteindustrial.org\/ca\/fem-xarxa\/david-nogue\/\">David Nogu\u00e9 Espinilla<\/a><\/p><p class=\"publication-collections\"><span class=\"collections-title\">Colecci\u00f3n: <\/span><a class=\"collection-link\" href=\"https:\/\/www.pacteindustrial.org\/es\/publicaciones\/?type=papeles-del-pacto-industrial\">Papeles del Pacto Industrial<\/a><\/p><\/div><div class=\"card-body-footer\"><p><a href=\"https:\/\/www.pacteindustrial.org\/es\/publicaciones\/servicios-comerciales-y-atractividad-de-los-poligonos-de-actividad-economica-en-la-region-metropolitana-de-barcelona\/\" class=\"download-button\">Leer +<\/a><\/p><\/div><\/div><\/div><\/div><\/article><\/div><nav class=\"ajax-publications-pagination-wrapper\" aria-label=\"Paginador de puiblicaciones\"><ul class=\"pagination ajax-publications-pagination\" data-query-vars=\"{&quot;post_type&quot;:&quot;pi_publication&quot;,&quot;post_status&quot;:&quot;publish&quot;,&quot;no_found_rows&quot;:false,&quot;ignore_sticky_posts&quot;:true,&quot;orderby&quot;:&quot;date&quot;,&quot;order&quot;:&quot;DESC&quot;,&quot;posts_per_page&quot;:2,&quot;paged&quot;:1,&quot;tax_query&quot;:[{&quot;taxonomy&quot;:&quot;post_scope&quot;,&quot;field&quot;:&quot;slug&quot;,&quot;terms&quot;:&quot;poligonos&quot;,&quot;include_children&quot;:false,&quot;operator&quot;:&quot;IN&quot;}],&quot;error&quot;:&quot;&quot;,&quot;m&quot;:&quot;&quot;,&quot;p&quot;:0,&quot;post_parent&quot;:&quot;&quot;,&quot;subpost&quot;:&quot;&quot;,&quot;subpost_id&quot;:&quot;&quot;,&quot;attachment&quot;:&quot;&quot;,&quot;attachment_id&quot;:0,&quot;name&quot;:&quot;&quot;,&quot;pagename&quot;:&quot;&quot;,&quot;page_id&quot;:0,&quot;second&quot;:&quot;&quot;,&quot;minute&quot;:&quot;&quot;,&quot;hour&quot;:&quot;&quot;,&quot;day&quot;:0,&quot;monthnum&quot;:0,&quot;year&quot;:0,&quot;w&quot;:0,&quot;category_name&quot;:&quot;&quot;,&quot;tag&quot;:&quot;&quot;,&quot;cat&quot;:&quot;&quot;,&quot;tag_id&quot;:&quot;&quot;,&quot;author&quot;:&quot;&quot;,&quot;author_name&quot;:&quot;&quot;,&quot;feed&quot;:&quot;&quot;,&quot;tb&quot;:&quot;&quot;,&quot;meta_key&quot;:&quot;&quot;,&quot;meta_value&quot;:&quot;&quot;,&quot;preview&quot;:&quot;&quot;,&quot;s&quot;:&quot;&quot;,&quot;sentence&quot;:&quot;&quot;,&quot;title&quot;:&quot;&quot;,&quot;fields&quot;:&quot;&quot;,&quot;menu_order&quot;:&quot;&quot;,&quot;embed&quot;:&quot;&quot;,&quot;category__in&quot;:[],&quot;category__not_in&quot;:[],&quot;category__and&quot;:[],&quot;post__in&quot;:[],&quot;post__not_in&quot;:[],&quot;post_name__in&quot;:[],&quot;tag__in&quot;:[],&quot;tag__not_in&quot;:[],&quot;tag__and&quot;:[],&quot;tag_slug__in&quot;:[],&quot;tag_slug__and&quot;:[],&quot;post_parent__in&quot;:[],&quot;post_parent__not_in&quot;:[],&quot;author__in&quot;:[],&quot;author__not_in&quot;:[],&quot;meta_query&quot;:[],&quot;suppress_filters&quot;:false,&quot;cache_results&quot;:true,&quot;update_post_term_cache&quot;:true,&quot;lazy_load_term_meta&quot;:true,&quot;update_post_meta_cache&quot;:true,&quot;nopaging&quot;:false,&quot;comments_per_page&quot;:&quot;50&quot;,&quot;taxonomy&quot;:&quot;post_scope&quot;,&quot;term&quot;:&quot;poligonos&quot;}\"><li class=\"page-item shadow active\"><span aria-current=\"page\" class=\"page-link current\">1<\/span><\/li><li class=\"page-item shadow\"><a class=\"page-link\" href=\"https:\/\/www.pacteindustrial.org\/es\/wp-json\/wp\/v2\/pages\/304\/?publications_page=2\">2<\/a><\/li><li class=\"page-item shadow\"><a class=\"page-link\" href=\"https:\/\/www.pacteindustrial.org\/es\/wp-json\/wp\/v2\/pages\/304\/?publications_page=3\">3<\/a><\/li><li class=\"page-item shadow\"><span class=\"page-link dots\">&hellip;<\/span><\/li><li class=\"page-item shadow\"><a class=\"page-link\" href=\"https:\/\/www.pacteindustrial.org\/es\/wp-json\/wp\/v2\/pages\/304\/?publications_page=6\">6<\/a><\/li><li class=\"page-item shadow\"><a class=\"next page-link\" href=\"https:\/\/www.pacteindustrial.org\/es\/wp-json\/wp\/v2\/pages\/304\/?publications_page=2\">&raquo;<\/a><\/li><\/ul><\/nav><\/section>\t\t<\/div>\n\t\t\t\t<\/div>\n\t\t\t\t<div class=\"elementor-element elementor-element-5a15de1c elementor-align-center elementor-widget elementor-widget-button\" data-id=\"5a15de1c\" data-element_type=\"widget\" data-widget_type=\"button.default\">\n\t\t\t\t<div class=\"elementor-widget-container\">\n\t\t\t\t\t<div class=\"elementor-button-wrapper\">\n\t\t\t<a href=\"https:\/\/www.pacteindustrial.org\/es\/publicaciones\/\" class=\"elementor-button-link elementor-button elementor-size-lg\" role=\"button\">\n\t\t\t\t\t\t<span class=\"elementor-button-content-wrapper\">\n\t\t\t\t\t\t<span class=\"elementor-button-text\">Ver todas las Publicaciones<\/span>\n\t\t<\/span>\n\t\t\t\t\t<\/a>\n\t\t<\/div>\n\t\t\t\t<\/div>\n\t\t\t\t<\/div>\n\t\t\t\t\t\t<\/div>\n\t\t\t\t\t<\/div>\n\t\t<\/div>\n\t\t\t\t\t\t\t\t<\/div>\n\t\t\t\t\t<\/div>\n\t\t<\/section>\n\t\t\t\t\t\t<\/div>\n\t\t\t\t\t\t<\/div>\n\t\t\t\t\t<\/div>\n\t\t","protected":false},"excerpt":{"rendered":"<p>Pol\u00edgonos Estas son las actividades y publicaciones del Pacto Industrial sobre pol\u00edgonos industriales. Actividades Presentaci\u00f3n del Papel 5 del Pacto Industrial y debate sobre el reto de reformatear los pol\u00edgons industrials Leer + Seminario sobre iniciativas locales para la transici\u00f3n energ\u00e9tica en los pol\u00edgonos industriales con la participaci\u00f3n del Pacto Industrial Leer + 1 2 [&#8230;]<\/p>\n","protected":false},"author":1,"featured_media":0,"parent":302,"menu_order":0,"comment_status":"closed","ping_status":"closed","template":"","meta":[],"yoast_head":"<!-- This site is optimized with the Yoast SEO plugin v16.1.1 - https:\/\/yoast.com\/wordpress\/plugins\/seo\/ -->\n<title>Pol\u00edgonos - Pacte Industrial RMB<\/title>\n<link rel=\"canonical\" href=\"https:\/\/www.pacteindustrial.org\/es\/ambitos-de-actuacion\/poligonos\/\" \/>\n<meta property=\"og:locale\" content=\"es_ES\" \/>\n<meta property=\"og:type\" content=\"article\" \/>\n<meta property=\"og:title\" content=\"Pol\u00edgonos - Pacte Industrial RMB\" \/>\n<meta property=\"og:description\" content=\"Pol\u00edgonos Estas son las actividades y publicaciones del Pacto Industrial sobre pol\u00edgonos industriales. Actividades Presentaci\u00f3n del Papel 5 del Pacto Industrial y debate sobre el reto de reformatear los pol\u00edgons industrials Leer + Seminario sobre iniciativas locales para la transici\u00f3n energ\u00e9tica en los pol\u00edgonos industriales con la participaci\u00f3n del Pacto Industrial Leer + 1 2 [...]\" \/>\n<meta property=\"og:url\" content=\"https:\/\/www.pacteindustrial.org\/es\/ambitos-de-actuacion\/poligonos\/\" \/>\n<meta property=\"og:site_name\" content=\"Pacte Industrial RMB\" \/>\n<meta property=\"article:modified_time\" content=\"2021-02-16T15:03:54+00:00\" \/>\n<meta property=\"og:image\" content=\"https:\/\/www.pacteindustrial.org\/wp-content\/uploads\/2020\/12\/2020.12.16_Foto-500x315.png\" \/>\n<meta name=\"twitter:card\" content=\"summary_large_image\" \/>\n<meta name=\"twitter:label1\" content=\"Tiempo de lectura\">\n\t<meta name=\"twitter:data1\" content=\"1 minuto\">\n<script type=\"application\/ld+json\" class=\"yoast-schema-graph\">{\"@context\":\"https:\/\/schema.org\",\"@graph\":[{\"@type\":\"WebSite\",\"@id\":\"https:\/\/www.pacteindustrial.org\/ca\/#website\",\"url\":\"https:\/\/www.pacteindustrial.org\/ca\/\",\"name\":\"Pacte Industrial RMB\",\"description\":\"\",\"potentialAction\":[{\"@type\":\"SearchAction\",\"target\":\"https:\/\/www.pacteindustrial.org\/ca\/?s={search_term_string}\",\"query-input\":\"required name=search_term_string\"}],\"inLanguage\":\"es\"},{\"@type\":\"ImageObject\",\"@id\":\"https:\/\/www.pacteindustrial.org\/es\/ambitos-de-actuacion\/poligonos\/#primaryimage\",\"inLanguage\":\"es\",\"url\":\"https:\/\/www.pacteindustrial.org\/wp-content\/uploads\/2020\/12\/2020.12.16_Foto.png\",\"contentUrl\":\"https:\/\/www.pacteindustrial.org\/wp-content\/uploads\/2020\/12\/2020.12.16_Foto.png\",\"width\":998,\"height\":577},{\"@type\":\"WebPage\",\"@id\":\"https:\/\/www.pacteindustrial.org\/es\/ambitos-de-actuacion\/poligonos\/#webpage\",\"url\":\"https:\/\/www.pacteindustrial.org\/es\/ambitos-de-actuacion\/poligonos\/\",\"name\":\"Pol\\u00edgonos - Pacte Industrial RMB\",\"isPartOf\":{\"@id\":\"https:\/\/www.pacteindustrial.org\/ca\/#website\"},\"primaryImageOfPage\":{\"@id\":\"https:\/\/www.pacteindustrial.org\/es\/ambitos-de-actuacion\/poligonos\/#primaryimage\"},\"datePublished\":\"2019-06-11T08:15:10+00:00\",\"dateModified\":\"2021-02-16T15:03:54+00:00\",\"breadcrumb\":{\"@id\":\"https:\/\/www.pacteindustrial.org\/es\/ambitos-de-actuacion\/poligonos\/#breadcrumb\"},\"inLanguage\":\"es\",\"potentialAction\":[{\"@type\":\"ReadAction\",\"target\":[\"https:\/\/www.pacteindustrial.org\/es\/ambitos-de-actuacion\/poligonos\/\"]}]},{\"@type\":\"BreadcrumbList\",\"@id\":\"https:\/\/www.pacteindustrial.org\/es\/ambitos-de-actuacion\/poligonos\/#breadcrumb\",\"itemListElement\":[{\"@type\":\"ListItem\",\"position\":1,\"item\":{\"@type\":\"WebPage\",\"@id\":\"https:\/\/www.pacteindustrial.org\/es\/\",\"url\":\"https:\/\/www.pacteindustrial.org\/es\/\",\"name\":\"Home\"}},{\"@type\":\"ListItem\",\"position\":2,\"item\":{\"@type\":\"WebPage\",\"@id\":\"https:\/\/www.pacteindustrial.org\/es\/ambitos-de-actuacion\/\",\"url\":\"https:\/\/www.pacteindustrial.org\/es\/ambitos-de-actuacion\/\",\"name\":\"\\u00c1mbitos de actuaci\\u00f3n\"}},{\"@type\":\"ListItem\",\"position\":3,\"item\":{\"@type\":\"WebPage\",\"@id\":\"https:\/\/www.pacteindustrial.org\/es\/ambitos-de-actuacion\/poligonos\/\",\"url\":\"https:\/\/www.pacteindustrial.org\/es\/ambitos-de-actuacion\/poligonos\/\",\"name\":\"Pol\\u00edgonos\"}}]}]}<\/script>\n<!-- \/ Yoast SEO plugin. -->","_links":{"self":[{"href":"https:\/\/www.pacteindustrial.org\/es\/wp-json\/wp\/v2\/pages\/304"}],"collection":[{"href":"https:\/\/www.pacteindustrial.org\/es\/wp-json\/wp\/v2\/pages"}],"about":[{"href":"https:\/\/www.pacteindustrial.org\/es\/wp-json\/wp\/v2\/types\/page"}],"author":[{"embeddable":true,"href":"https:\/\/www.pacteindustrial.org\/es\/wp-json\/wp\/v2\/users\/1"}],"replies":[{"embeddable":true,"href":"https:\/\/www.pacteindustrial.org\/es\/wp-json\/wp\/v2\/comments?post=304"}],"version-history":[{"count":6,"href":"https:\/\/www.pacteindustrial.org\/es\/wp-json\/wp\/v2\/pages\/304\/revisions"}],"predecessor-version":[{"id":12936,"href":"https:\/\/www.pacteindustrial.org\/es\/wp-json\/wp\/v2\/pages\/304\/revisions\/12936"}],"up":[{"embeddable":true,"href":"https:\/\/www.pacteindustrial.org\/es\/wp-json\/wp\/v2\/pages\/302"}],"wp:attachment":[{"href":"https:\/\/www.pacteindustrial.org\/es\/wp-json\/wp\/v2\/media?parent=304"}],"curies":[{"name":"wp","href":"https:\/\/api.w.org\/{rel}","templated":true}]}}